{"id":1915,"date":"2018-04-12T10:49:45","date_gmt":"2018-04-12T10:49:45","guid":{"rendered":"http:\/\/grupoinvestigacion.edu-desarrollo.umh.es\/?page_id=2"},"modified":"2021-05-19T10:38:22","modified_gmt":"2021-05-19T10:38:22","slug":"sample-page","status":"publish","type":"page","link":"https:\/\/culturdes.umh.es\/en\/","title":{"rendered":"Inicio"},"content":{"rendered":"<p>[et_pb_section admin_label=&#8221;section&#8221; background_image=&#8221;http:\/\/culturdes.umh.es\/files\/2018\/04\/Playa_Manantial-2.jpg&#8221; transparent_background=&#8221;off&#8221; allow_player_pause=&#8221;off&#8221; inner_shadow=&#8221;off&#8221; parallax=&#8221;off&#8221; parallax_method=&#8221;off&#8221; padding_mobile=&#8221;off&#8221; make_fullwidth=&#8221;off&#8221; use_custom_width=&#8221;off&#8221; width_unit=&#8221;on&#8221; make_equal=&#8221;off&#8221; use_custom_gutter=&#8221;off&#8221; custom_padding=&#8221;||90px|&#8221;][et_pb_row admin_label=&#8221;row&#8221; make_fullwidth=&#8221;off&#8221; use_custom_width=&#8221;off&#8221; width_unit=&#8221;on&#8221; use_custom_gutter=&#8221;off&#8221; custom_padding=&#8221;0px|||&#8221; padding_mobile=&#8221;off&#8221; allow_player_pause=&#8221;off&#8221; parallax=&#8221;off&#8221; parallax_method=&#8221;off&#8221; make_equal=&#8221;off&#8221; parallax_1=&#8221;off&#8221; parallax_method_1=&#8221;off&#8221; column_padding_mobile=&#8221;on&#8221;][et_pb_column type=&#8221;4_4&#8243;][et_pb_text admin_label=&#8221;Texto&#8221; background_layout=&#8221;dark&#8221; text_orientation=&#8221;center&#8221; use_border_color=&#8221;off&#8221; border_color=&#8221;#ffffff&#8221; border_style=&#8221;solid&#8221; custom_margin=&#8221;||20px|&#8221;]<\/p>\n<h1 id=\"title\" style=\"text-align: center;\"><span style=\"font-size: 36pt;\">Culturdes-UMH<\/span><\/h1>\n<p>[\/et_pb_text][et_pb_divider admin_label=&#8221;Separador&#8221; color=&#8221;#ffffff&#8221; show_divider=&#8221;on&#8221; divider_style=&#8221;solid&#8221; divider_position=&#8221;bottom&#8221; hide_on_mobile=&#8221;off&#8221; height=&#8221;5&#8243;]<\/p>\n<p>[\/et_pb_divider][et_pb_text admin_label=&#8221;Texto&#8221; background_layout=&#8221;dark&#8221; text_orientation=&#8221;center&#8221; use_border_color=&#8221;off&#8221; border_color=&#8221;#ffffff&#8221; border_style=&#8221;solid&#8221;]<\/p>\n<h3><span style=\"font-size: 18pt;\">Cultura, turismo y (cooperaci\u00f3n al) desarrollo<\/span><\/h3>\n<p>[\/et_pb_text][\/et_pb_column][\/et_pb_row][\/et_pb_section][et_pb_section admin_label=&#8221;Secci\u00f3n&#8221; fullwidth=&#8221;on&#8221; specialty=&#8221;off&#8221; transparent_background=&#8221;off&#8221; background_color=&#8221;#dbdbdb&#8221; allow_player_pause=&#8221;off&#8221; inner_shadow=&#8221;off&#8221; parallax=&#8221;off&#8221; parallax_method=&#8221;off&#8221; padding_mobile=&#8221;off&#8221; make_fullwidth=&#8221;off&#8221; use_custom_width=&#8221;off&#8221; width_unit=&#8221;on&#8221; make_equal=&#8221;off&#8221; use_custom_gutter=&#8221;off&#8221;][et_pb_fullwidth_menu admin_label=&#8221;Men\u00fa de anchura completa&#8221; menu_id=&#8221;11&#8243; background_color=&#8221;#ededed&#8221; background_layout=&#8221;light&#8221; text_orientation=&#8221;center&#8221; submenu_direction=&#8221;downwards&#8221; fullwidth_menu=&#8221;off&#8221; dropdown_menu_animation=&#8221;fade&#8221; menu_text_color=&#8221;#000000&#8243; menu_font=&#8221;|on|||&#8221; menu_font_size=&#8221;13px&#8221;]<\/p>\n<p>[\/et_pb_fullwidth_menu][\/et_pb_section][et_pb_section admin_label=&#8221;section&#8221; transparent_background=&#8221;off&#8221; allow_player_pause=&#8221;off&#8221; inner_shadow=&#8221;off&#8221; parallax=&#8221;off&#8221; parallax_method=&#8221;off&#8221; padding_mobile=&#8221;off&#8221; make_fullwidth=&#8221;off&#8221; use_custom_width=&#8221;off&#8221; width_unit=&#8221;on&#8221; make_equal=&#8221;off&#8221; use_custom_gutter=&#8221;off&#8221;][et_pb_row admin_label=&#8221;row&#8221;][et_pb_column type=&#8221;4_4&#8243;][et_pb_text admin_label=&#8221;Texto&#8221; background_layout=&#8221;light&#8221; text_orientation=&#8221;left&#8221; use_border_color=&#8221;off&#8221; border_color=&#8221;#ffffff&#8221; border_style=&#8221;solid&#8221; custom_css_main_element=&#8221;margin-bottom: 1.5rem;&#8221;]<\/p>\n<h2 class=\"section-title\" style=\"text-align: left;\"><span style=\"font-size: 24pt;\">PRESENTACI\u00d3N<\/span><\/h2>\n<p>[\/et_pb_text][\/et_pb_column][\/et_pb_row][et_pb_row admin_label=&#8221;Fila&#8221;][et_pb_column type=&#8221;4_4&#8243;][et_pb_text admin_label=&#8221;Texto&#8221; background_layout=&#8221;light&#8221; text_orientation=&#8221;left&#8221; use_border_color=&#8221;off&#8221; border_color=&#8221;#ffffff&#8221; border_style=&#8221;solid&#8221;]<\/p>\n<p style=\"text-align: justify;\"><strong>CULTURDES<\/strong>\u00a0es una\u00a0<strong>estrategia de investigaci\u00f3n transdisciplinar<\/strong>\u00a0que busca v\u00edas de entendimiento y colaboraci\u00f3n entre metodolog\u00edas cualitativas y cuantitativas, y centra su esfuerzo comprensivo en el estudio de los procesos de significaci\u00f3n-memoria y su plasmaci\u00f3n socio-espacial, abarcando las dos dimensiones principales del quehacer intelectual: la producci\u00f3n te\u00f3rica (<em>theoria<\/em>) y la aplicaci\u00f3n pr\u00e1ctica (<em>praxis<\/em>).<\/p>\n<p style=\"text-align: justify;\">Por un lado hacemos,\u00a0<strong>investigaci\u00f3n b\u00e1sica<\/strong>\u00a0sobre la actividad simb\u00f3lico-cognitiva atendiendo al doble componente sociocultural y biol\u00f3gico del ser humano, y desde una perspectiva hist\u00f3rica, transcultural, comparada y hol\u00edstica.<\/p>\n<p style=\"text-align: justify;\">Por otro lado, la\u00a0<strong>investigaci\u00f3n aplicada<\/strong>\u00a0busca entender c\u00f3mo las din\u00e1micas socio-culturales pueden influir en los procesos de (cooperaci\u00f3n al) desarrollo, con especial atenci\u00f3n, a aquellos en los que el turismo adquiere relevancia en la estrategia local. En este \u00e1mbito se encuentran las actividades de\u00a0<strong>consultor\u00eda y asesoramiento t\u00e9cnicos<\/strong>\u00a0en los \u00e1mbitos de:<\/p>\n<p>[\/et_pb_text][et_pb_text admin_label=&#8221;Texto&#8221; background_layout=&#8221;light&#8221; text_orientation=&#8221;left&#8221; use_border_color=&#8221;off&#8221; border_color=&#8221;#ffffff&#8221; border_style=&#8221;solid&#8221; custom_margin=&#8221;|||30px&#8221;]<\/p>\n<ul>\n<li><strong>m\u00e9todos y t\u00e9cnicas de investigaci\u00f3n cualitativa<\/strong><\/li>\n<li>estudio de los\u00a0<strong>procesos de significaci\u00f3n<\/strong>\u00a0y su\u00a0<em>re-<\/em>presentaci\u00f3n<\/li>\n<li>gesti\u00f3n del\u00a0<strong>patrimonio cultural<\/strong><\/li>\n<li>dise\u00f1o de planes de\u00a0<strong>desarrollo territorial y local<\/strong><\/li>\n<li>realizaci\u00f3n de\u00a0<strong>documentales etnogr\u00e1ficos<\/strong><\/li>\n<li>dise\u00f1o, ejecuci\u00f3n y evaluaci\u00f3n de proyectos de\u00a0<strong>cooperaci\u00f3n internacional al desarrollo<\/strong><\/li>\n<li><strong>formaci\u00f3n y capacitaci\u00f3n<\/strong>\u00a0en estas materias.<\/li>\n<\/ul>\n<p>[\/et_pb_text][\/et_pb_column][\/et_pb_row][\/et_pb_section][et_pb_section admin_label=&#8221;section&#8221; transparent_background=&#8221;off&#8221; allow_player_pause=&#8221;off&#8221; inner_shadow=&#8221;off&#8221; parallax=&#8221;off&#8221; parallax_method=&#8221;off&#8221; padding_mobile=&#8221;off&#8221; make_fullwidth=&#8221;off&#8221; use_custom_width=&#8221;off&#8221; width_unit=&#8221;on&#8221; make_equal=&#8221;off&#8221; use_custom_gutter=&#8221;off&#8221; background_color=&#8221;#ededed&#8221; module_id=&#8221;profesorado&#8221;][et_pb_row admin_label=&#8221;row&#8221;][et_pb_column type=&#8221;4_4&#8243;][et_pb_text admin_label=&#8221;Texto&#8221; background_layout=&#8221;light&#8221; text_orientation=&#8221;left&#8221; use_border_color=&#8221;off&#8221; border_color=&#8221;#ffffff&#8221; border_style=&#8221;solid&#8221; custom_css_main_element=&#8221;margin-bottom: 1.5rem;&#8221;]<\/p>\n<h2 class=\"section-title\" style=\"text-align: left;\"><span style=\"font-size: 24pt;\">MIEMBROS<\/span><\/h2>\n<p>[\/et_pb_text][\/et_pb_column][\/et_pb_row][et_pb_row admin_label=&#8221;Fila&#8221; global_parent=&#8221;218&#8243; make_fullwidth=&#8221;off&#8221; use_custom_width=&#8221;off&#8221; width_unit=&#8221;on&#8221; use_custom_gutter=&#8221;off&#8221; padding_mobile=&#8221;off&#8221; allow_player_pause=&#8221;off&#8221; parallax=&#8221;off&#8221; parallax_method=&#8221;off&#8221; make_equal=&#8221;on&#8221; parallax_1=&#8221;off&#8221; parallax_method_1=&#8221;off&#8221; parallax_2=&#8221;off&#8221; parallax_method_2=&#8221;off&#8221; parallax_3=&#8221;off&#8221; parallax_method_3=&#8221;off&#8221; column_padding_mobile=&#8221;on&#8221; module_class=&#8221;padding-b0&#8243;][et_pb_column type=&#8221;1_3&#8243;][et_pb_team_member admin_label=&#8221;Profesor&#8221; global_parent=&#8221;218&#8243; image_url=&#8221;http:\/\/culturdes.umh.es\/files\/2018\/04\/antonio64.png&#8221; animation=&#8221;off&#8221; background_layout=&#8221;light&#8221; use_border_color=&#8221;off&#8221; border_color=&#8221;#ffffff&#8221; border_style=&#8221;solid&#8221; module_class=&#8221;profesor&#8221; name=&#8221;Antonio Miguel Nogu\u00e9s Pedregal&#8221; position=&#8221;Director&#8221; header_font=&#8221;|on|||&#8221; header_font_size=&#8221;16&#8243; header_line_height=&#8221;1.5em&#8221;]<\/p>\n<p><a href=\"https:\/\/dialnet.unirioja.es\/servlet\/autor?codigo=525443\" target=\"_blank\"><img loading=\"lazy\" class=\"alignnone wp-image-188\" src=\"http:\/\/culturdes.umh.es\/files\/2018\/04\/Dialnet-logo-300x64.png\" alt=\"Dialnet-logo\" width=\"50\" height=\"11\" srcset=\"https:\/\/culturdes.umh.es\/files\/2018\/04\/Dialnet-logo-300x64.png 300w, https:\/\/culturdes.umh.es\/files\/2018\/04\/Dialnet-logo-1024x218.png 1024w, https:\/\/culturdes.umh.es\/files\/2018\/04\/Dialnet-logo-1080x230.png 1080w\" sizes=\"(max-width: 50px) 100vw, 50px\" \/><\/a>\u00a0 \u00a0<a href=\"http:\/\/culturdes.umh.es\/antonio-miguel-nogues-pedregal\/\"><img loading=\"lazy\" class=\"alignnone wp-image-190\" src=\"http:\/\/culturdes.umh.es\/files\/2018\/04\/LOGO-ART-SEC-WEB-FONDO-TRANS-257x300.png\" alt=\"LOGO-ART-SEC-WEB-FONDO-TRANS\" width=\"24\" height=\"28\" srcset=\"https:\/\/culturdes.umh.es\/files\/2018\/04\/LOGO-ART-SEC-WEB-FONDO-TRANS-257x300.png 257w, https:\/\/culturdes.umh.es\/files\/2018\/04\/LOGO-ART-SEC-WEB-FONDO-TRANS-877x1024.png 877w, https:\/\/culturdes.umh.es\/files\/2018\/04\/LOGO-ART-SEC-WEB-FONDO-TRANS-1080x1261.png 1080w, https:\/\/culturdes.umh.es\/files\/2018\/04\/LOGO-ART-SEC-WEB-FONDO-TRANS.png 1122w\" sizes=\"(max-width: 24px) 100vw, 24px\" \/><\/a>\u00a0 \u00a0<a href=\"http:\/\/orcid.org\/0000-0002-8352-4488\" target=\"_blank\"><img loading=\"lazy\" class=\"alignnone wp-image-189\" src=\"http:\/\/culturdes.umh.es\/files\/2018\/04\/ORCID_logo.svg_-300x102.png\" alt=\"ORCID_logo.svg\" width=\"40\" height=\"14\" srcset=\"https:\/\/culturdes.umh.es\/files\/2018\/04\/ORCID_logo.svg_-300x102.png 300w, https:\/\/culturdes.umh.es\/files\/2018\/04\/ORCID_logo.svg_-1024x348.png 1024w, https:\/\/culturdes.umh.es\/files\/2018\/04\/ORCID_logo.svg_-1080x367.png 1080w, https:\/\/culturdes.umh.es\/files\/2018\/04\/ORCID_logo.svg_.png 2000w\" sizes=\"(max-width: 40px) 100vw, 40px\" \/><\/a><\/p>\n<p>[\/et_pb_team_member][et_pb_team_member admin_label=&#8221;Profesor&#8221; global_parent=&#8221;218&#8243; image_url=&#8221;http:\/\/culturdes.umh.es\/files\/2018\/04\/CGS64.png&#8221; animation=&#8221;off&#8221; background_layout=&#8221;light&#8221; use_border_color=&#8221;off&#8221; border_color=&#8221;#ffffff&#8221; border_style=&#8221;solid&#8221; module_class=&#8221;profesor&#8221; name=&#8221;Carmen G\u00f3mez S\u00e1nchez&#8221; position=&#8221;Miembro&#8221; header_font=&#8221;|on|||&#8221; header_font_size=&#8221;16&#8243; header_line_height=&#8221;1.5em&#8221;]<\/p>\n<p><a href=\"https:\/\/dialnet.unirioja.es\/servlet\/autor?codigo=3808235\" target=\"_blank\"><img loading=\"lazy\" class=\"alignnone wp-image-188\" src=\"http:\/\/culturdes.umh.es\/files\/2018\/04\/Dialnet-logo-300x64.png\" alt=\"Dialnet-logo\" width=\"50\" height=\"11\" srcset=\"https:\/\/culturdes.umh.es\/files\/2018\/04\/Dialnet-logo-300x64.png 300w, https:\/\/culturdes.umh.es\/files\/2018\/04\/Dialnet-logo-1024x218.png 1024w, https:\/\/culturdes.umh.es\/files\/2018\/04\/Dialnet-logo-1080x230.png 1080w\" sizes=\"(max-width: 50px) 100vw, 50px\" \/><\/a>\u00a0 \u00a0<a href=\"http:\/\/culturdes.umh.es\/carmen-gomez-sanchez\/\"><img loading=\"lazy\" class=\"alignnone wp-image-190\" src=\"http:\/\/culturdes.umh.es\/files\/2018\/04\/LOGO-ART-SEC-WEB-FONDO-TRANS-257x300.png\" alt=\"LOGO-ART-SEC-WEB-FONDO-TRANS\" width=\"24\" height=\"28\" srcset=\"https:\/\/culturdes.umh.es\/files\/2018\/04\/LOGO-ART-SEC-WEB-FONDO-TRANS-257x300.png 257w, https:\/\/culturdes.umh.es\/files\/2018\/04\/LOGO-ART-SEC-WEB-FONDO-TRANS-877x1024.png 877w, https:\/\/culturdes.umh.es\/files\/2018\/04\/LOGO-ART-SEC-WEB-FONDO-TRANS-1080x1261.png 1080w, https:\/\/culturdes.umh.es\/files\/2018\/04\/LOGO-ART-SEC-WEB-FONDO-TRANS.png 1122w\" sizes=\"(max-width: 24px) 100vw, 24px\" \/><\/a><\/p>\n<p>[\/et_pb_team_member][et_pb_team_member admin_label=&#8221;Profesor&#8221; global_parent=&#8221;218&#8243; image_url=&#8221;http:\/\/culturdes.umh.es\/files\/2018\/04\/Ana-Myriam-Foto64.png&#8221; animation=&#8221;off&#8221; background_layout=&#8221;light&#8221; use_border_color=&#8221;off&#8221; border_color=&#8221;#ffffff&#8221; border_style=&#8221;solid&#8221; module_class=&#8221;profesor&#8221; name=&#8221;Ana Myriam Seva Llor&#8221; position=&#8221;Miembro&#8221; header_font=&#8221;|on|||&#8221; header_font_size=&#8221;16&#8243; header_line_height=&#8221;1.5em&#8221;]<\/p>\n<p><a href=\"https:\/\/dialnet.unirioja.es\/servlet\/autor?codigo=2036599\" target=\"_blank\"><img loading=\"lazy\" class=\"alignnone wp-image-188\" src=\"http:\/\/culturdes.umh.es\/files\/2018\/04\/Dialnet-logo-300x64.png\" alt=\"Dialnet-logo\" width=\"50\" height=\"11\" srcset=\"https:\/\/culturdes.umh.es\/files\/2018\/04\/Dialnet-logo-300x64.png 300w, https:\/\/culturdes.umh.es\/files\/2018\/04\/Dialnet-logo-1024x218.png 1024w, https:\/\/culturdes.umh.es\/files\/2018\/04\/Dialnet-logo-1080x230.png 1080w\" sizes=\"(max-width: 50px) 100vw, 50px\" \/><\/a>\u00a0 \u00a0<a href=\"http:\/\/culturdes.umh.es\/ana-myriam-seva-llor\/\"><img loading=\"lazy\" class=\"alignnone wp-image-190\" src=\"http:\/\/culturdes.umh.es\/files\/2018\/04\/LOGO-ART-SEC-WEB-FONDO-TRANS-257x300.png\" alt=\"LOGO-ART-SEC-WEB-FONDO-TRANS\" width=\"24\" height=\"28\" srcset=\"https:\/\/culturdes.umh.es\/files\/2018\/04\/LOGO-ART-SEC-WEB-FONDO-TRANS-257x300.png 257w, https:\/\/culturdes.umh.es\/files\/2018\/04\/LOGO-ART-SEC-WEB-FONDO-TRANS-877x1024.png 877w, https:\/\/culturdes.umh.es\/files\/2018\/04\/LOGO-ART-SEC-WEB-FONDO-TRANS-1080x1261.png 1080w, https:\/\/culturdes.umh.es\/files\/2018\/04\/LOGO-ART-SEC-WEB-FONDO-TRANS.png 1122w\" sizes=\"(max-width: 24px) 100vw, 24px\" \/><\/a>\u00a0 \u00a0<a href=\"http:\/\/orcid.org\/0000-0002-0531-9227\" target=\"_blank\"><img loading=\"lazy\" class=\"alignnone wp-image-189\" src=\"http:\/\/culturdes.umh.es\/files\/2018\/04\/ORCID_logo.svg_-300x102.png\" alt=\"ORCID_logo.svg\" width=\"40\" height=\"14\" srcset=\"https:\/\/culturdes.umh.es\/files\/2018\/04\/ORCID_logo.svg_-300x102.png 300w, https:\/\/culturdes.umh.es\/files\/2018\/04\/ORCID_logo.svg_-1024x348.png 1024w, https:\/\/culturdes.umh.es\/files\/2018\/04\/ORCID_logo.svg_-1080x367.png 1080w, https:\/\/culturdes.umh.es\/files\/2018\/04\/ORCID_logo.svg_.png 2000w\" sizes=\"(max-width: 40px) 100vw, 40px\" \/><\/a><\/p>\n<p>[\/et_pb_team_member][\/et_pb_column][et_pb_column type=&#8221;1_3&#8243;][et_pb_team_member admin_label=&#8221;Profesor&#8221; global_parent=&#8221;218&#8243; image_url=&#8221;http:\/\/culturdes.umh.es\/files\/2018\/04\/DCZ64.png&#8221; animation=&#8221;off&#8221; background_layout=&#8221;light&#8221; use_border_color=&#8221;off&#8221; border_color=&#8221;#ffffff&#8221; border_style=&#8221;solid&#8221; module_class=&#8221;profesor&#8221; name=&#8221;Daniel Carmona Zubiri&#8221; position=&#8221;Miembro&#8221; header_font=&#8221;|on|||&#8221; header_font_size=&#8221;16&#8243; header_line_height=&#8221;1.5em&#8221;]<\/p>\n<p><a href=\"https:\/\/dialnet.unirioja.es\/servlet\/autor?codigo=792728\" target=\"_blank\"><img loading=\"lazy\" class=\"alignnone wp-image-188\" src=\"http:\/\/culturdes.umh.es\/files\/2018\/04\/Dialnet-logo-300x64.png\" alt=\"Dialnet-logo\" width=\"50\" height=\"11\" srcset=\"https:\/\/culturdes.umh.es\/files\/2018\/04\/Dialnet-logo-300x64.png 300w, https:\/\/culturdes.umh.es\/files\/2018\/04\/Dialnet-logo-1024x218.png 1024w, https:\/\/culturdes.umh.es\/files\/2018\/04\/Dialnet-logo-1080x230.png 1080w\" sizes=\"(max-width: 50px) 100vw, 50px\" \/><\/a>\u00a0 \u00a0<a href=\"http:\/\/culturdes.umh.es\/daniel-carmona-zubiri\/\"><img loading=\"lazy\" class=\"alignnone wp-image-190\" src=\"http:\/\/culturdes.umh.es\/files\/2018\/04\/LOGO-ART-SEC-WEB-FONDO-TRANS-257x300.png\" alt=\"LOGO-ART-SEC-WEB-FONDO-TRANS\" width=\"24\" height=\"28\" srcset=\"https:\/\/culturdes.umh.es\/files\/2018\/04\/LOGO-ART-SEC-WEB-FONDO-TRANS-257x300.png 257w, https:\/\/culturdes.umh.es\/files\/2018\/04\/LOGO-ART-SEC-WEB-FONDO-TRANS-877x1024.png 877w, https:\/\/culturdes.umh.es\/files\/2018\/04\/LOGO-ART-SEC-WEB-FONDO-TRANS-1080x1261.png 1080w, https:\/\/culturdes.umh.es\/files\/2018\/04\/LOGO-ART-SEC-WEB-FONDO-TRANS.png 1122w\" sizes=\"(max-width: 24px) 100vw, 24px\" \/><\/a>\u00a0 \u00a0<a href=\"http:\/\/orcid.org\/0000-0001-9084-9320\" target=\"_blank\"><img loading=\"lazy\" class=\"alignnone wp-image-189\" src=\"http:\/\/culturdes.umh.es\/files\/2018\/04\/ORCID_logo.svg_-300x102.png\" alt=\"ORCID_logo.svg\" width=\"40\" height=\"14\" srcset=\"https:\/\/culturdes.umh.es\/files\/2018\/04\/ORCID_logo.svg_-300x102.png 300w, https:\/\/culturdes.umh.es\/files\/2018\/04\/ORCID_logo.svg_-1024x348.png 1024w, https:\/\/culturdes.umh.es\/files\/2018\/04\/ORCID_logo.svg_-1080x367.png 1080w, https:\/\/culturdes.umh.es\/files\/2018\/04\/ORCID_logo.svg_.png 2000w\" sizes=\"(max-width: 40px) 100vw, 40px\" \/><\/a><\/p>\n<p>[\/et_pb_team_member][et_pb_team_member admin_label=&#8221;Profesor&#8221; global_parent=&#8221;218&#8243; image_url=&#8221;http:\/\/culturdes.umh.es\/files\/2018\/04\/jose64.png&#8221; animation=&#8221;off&#8221; background_layout=&#8221;light&#8221; use_border_color=&#8221;off&#8221; border_color=&#8221;#ffffff&#8221; border_style=&#8221;solid&#8221; module_class=&#8221;profesor&#8221; name=&#8221;Jos\u00e9 Mart\u00ednez Jurado&#8221; position=&#8221;Miembro&#8221; header_font=&#8221;|on|||&#8221; header_font_size=&#8221;16&#8243; header_line_height=&#8221;1.5em&#8221;]<\/p>\n<p><a href=\"http:\/\/culturdes.umh.es\/jose-martinez-jurado\/\"><img loading=\"lazy\" class=\"alignnone wp-image-190\" src=\"http:\/\/culturdes.umh.es\/files\/2018\/04\/LOGO-ART-SEC-WEB-FONDO-TRANS-257x300.png\" alt=\"LOGO-ART-SEC-WEB-FONDO-TRANS\" width=\"24\" height=\"28\" srcset=\"https:\/\/culturdes.umh.es\/files\/2018\/04\/LOGO-ART-SEC-WEB-FONDO-TRANS-257x300.png 257w, https:\/\/culturdes.umh.es\/files\/2018\/04\/LOGO-ART-SEC-WEB-FONDO-TRANS-877x1024.png 877w, https:\/\/culturdes.umh.es\/files\/2018\/04\/LOGO-ART-SEC-WEB-FONDO-TRANS-1080x1261.png 1080w, https:\/\/culturdes.umh.es\/files\/2018\/04\/LOGO-ART-SEC-WEB-FONDO-TRANS.png 1122w\" sizes=\"(max-width: 24px) 100vw, 24px\" \/><\/a>\u00a0 \u00a0<a href=\"http:\/\/orcid.org\/0000-0003-3750-7748\" target=\"_blank\"><img loading=\"lazy\" class=\"alignnone wp-image-189\" src=\"http:\/\/culturdes.umh.es\/files\/2018\/04\/ORCID_logo.svg_-300x102.png\" alt=\"ORCID_logo.svg\" width=\"40\" height=\"14\" srcset=\"https:\/\/culturdes.umh.es\/files\/2018\/04\/ORCID_logo.svg_-300x102.png 300w, https:\/\/culturdes.umh.es\/files\/2018\/04\/ORCID_logo.svg_-1024x348.png 1024w, https:\/\/culturdes.umh.es\/files\/2018\/04\/ORCID_logo.svg_-1080x367.png 1080w, https:\/\/culturdes.umh.es\/files\/2018\/04\/ORCID_logo.svg_.png 2000w\" sizes=\"(max-width: 40px) 100vw, 40px\" \/><\/a><\/p>\n<p>[\/et_pb_team_member][et_pb_team_member admin_label=&#8221;Profesor&#8221; global_parent=&#8221;218&#8243; image_url=&#8221;http:\/\/culturdes.umh.es\/files\/2018\/04\/CSG64.png&#8221; animation=&#8221;off&#8221; background_layout=&#8221;light&#8221; use_border_color=&#8221;off&#8221; border_color=&#8221;#ffffff&#8221; border_style=&#8221;solid&#8221; module_class=&#8221;profesor&#8221; name=&#8221;Cristina Soler Garc\u00eda&#8221; position=&#8221;Miembro&#8221; header_font=&#8221;|on|||&#8221; header_font_size=&#8221;16&#8243; header_line_height=&#8221;1.5em&#8221;]<\/p>\n<p><a href=\"https:\/\/dialnet.unirioja.es\/servlet\/autor?codigo=2696377\" target=\"_blank\"><img loading=\"lazy\" class=\"alignnone wp-image-188\" src=\"http:\/\/culturdes.umh.es\/files\/2018\/04\/Dialnet-logo-300x64.png\" alt=\"Dialnet-logo\" width=\"50\" height=\"11\" srcset=\"https:\/\/culturdes.umh.es\/files\/2018\/04\/Dialnet-logo-300x64.png 300w, https:\/\/culturdes.umh.es\/files\/2018\/04\/Dialnet-logo-1024x218.png 1024w, https:\/\/culturdes.umh.es\/files\/2018\/04\/Dialnet-logo-1080x230.png 1080w\" sizes=\"(max-width: 50px) 100vw, 50px\" \/><\/a>\u00a0 \u00a0<a href=\"http:\/\/culturdes.umh.es\/cristina-soler-garcia\/\" target=\"_blank\"><img loading=\"lazy\" class=\"alignnone wp-image-190\" src=\"http:\/\/culturdes.umh.es\/files\/2018\/04\/LOGO-ART-SEC-WEB-FONDO-TRANS-257x300.png\" alt=\"LOGO-ART-SEC-WEB-FONDO-TRANS\" width=\"24\" height=\"28\" srcset=\"https:\/\/culturdes.umh.es\/files\/2018\/04\/LOGO-ART-SEC-WEB-FONDO-TRANS-257x300.png 257w, https:\/\/culturdes.umh.es\/files\/2018\/04\/LOGO-ART-SEC-WEB-FONDO-TRANS-877x1024.png 877w, https:\/\/culturdes.umh.es\/files\/2018\/04\/LOGO-ART-SEC-WEB-FONDO-TRANS-1080x1261.png 1080w, https:\/\/culturdes.umh.es\/files\/2018\/04\/LOGO-ART-SEC-WEB-FONDO-TRANS.png 1122w\" sizes=\"(max-width: 24px) 100vw, 24px\" \/><\/a><\/p>\n<p>[\/et_pb_team_member][\/et_pb_column][et_pb_column type=&#8221;1_3&#8243;][et_pb_team_member admin_label=&#8221;Profesor&#8221; global_parent=&#8221;218&#8243; image_url=&#8221;http:\/\/culturdes.umh.es\/files\/2018\/04\/mercedes64.png&#8221; animation=&#8221;off&#8221; background_layout=&#8221;light&#8221; use_border_color=&#8221;off&#8221; border_color=&#8221;#ffffff&#8221; border_style=&#8221;solid&#8221; module_class=&#8221;profesor&#8221; name=&#8221;Mercedes Dur\u00e1 Liz\u00e1n&#8221; position=&#8221;Miembro&#8221; header_font=&#8221;|on|||&#8221; header_font_size=&#8221;16&#8243; header_line_height=&#8221;1.5em&#8221;]<\/p>\n<p><a href=\"http:\/\/culturdes.umh.es\/mercedes-dura-lizan\/\"><img loading=\"lazy\" class=\"alignnone wp-image-190\" src=\"http:\/\/culturdes.umh.es\/files\/2018\/04\/LOGO-ART-SEC-WEB-FONDO-TRANS-257x300.png\" alt=\"LOGO-ART-SEC-WEB-FONDO-TRANS\" width=\"24\" height=\"28\" srcset=\"https:\/\/culturdes.umh.es\/files\/2018\/04\/LOGO-ART-SEC-WEB-FONDO-TRANS-257x300.png 257w, https:\/\/culturdes.umh.es\/files\/2018\/04\/LOGO-ART-SEC-WEB-FONDO-TRANS-877x1024.png 877w, https:\/\/culturdes.umh.es\/files\/2018\/04\/LOGO-ART-SEC-WEB-FONDO-TRANS-1080x1261.png 1080w, https:\/\/culturdes.umh.es\/files\/2018\/04\/LOGO-ART-SEC-WEB-FONDO-TRANS.png 1122w\" sizes=\"(max-width: 24px) 100vw, 24px\" \/><\/a>\u00a0 \u00a0<a href=\"http:\/\/orcid.org\/0000-0002-8128-437X\" target=\"_blank\"><img loading=\"lazy\" class=\"alignnone wp-image-189\" src=\"http:\/\/culturdes.umh.es\/files\/2018\/04\/ORCID_logo.svg_-300x102.png\" alt=\"ORCID_logo.svg\" width=\"40\" height=\"14\" srcset=\"https:\/\/culturdes.umh.es\/files\/2018\/04\/ORCID_logo.svg_-300x102.png 300w, https:\/\/culturdes.umh.es\/files\/2018\/04\/ORCID_logo.svg_-1024x348.png 1024w, https:\/\/culturdes.umh.es\/files\/2018\/04\/ORCID_logo.svg_-1080x367.png 1080w, https:\/\/culturdes.umh.es\/files\/2018\/04\/ORCID_logo.svg_.png 2000w\" sizes=\"(max-width: 40px) 100vw, 40px\" \/><\/a><\/p>\n<p>[\/et_pb_team_member][et_pb_team_member admin_label=&#8221;Profesor&#8221; global_parent=&#8221;218&#8243; image_url=&#8221;http:\/\/culturdes.umh.es\/files\/2018\/04\/Foto-Virginia64.png&#8221; animation=&#8221;off&#8221; background_layout=&#8221;light&#8221; use_border_color=&#8221;off&#8221; border_color=&#8221;#ffffff&#8221; border_style=&#8221;solid&#8221; module_class=&#8221;profesor&#8221; name=&#8221;Virginia Rodr\u00edguez Herrero&#8221; position=&#8221;Miembro&#8221; header_font=&#8221;|on|||&#8221; header_font_size=&#8221;16&#8243; header_line_height=&#8221;1.5em&#8221;]<\/p>\n<p><a href=\"https:\/\/dialnet.unirioja.es\/servlet\/autor?codigo=1110176\" target=\"_blank\"><img loading=\"lazy\" class=\"alignnone wp-image-188\" src=\"http:\/\/culturdes.umh.es\/files\/2018\/04\/Dialnet-logo-300x64.png\" alt=\"Dialnet-logo\" width=\"50\" height=\"11\" srcset=\"https:\/\/culturdes.umh.es\/files\/2018\/04\/Dialnet-logo-300x64.png 300w, https:\/\/culturdes.umh.es\/files\/2018\/04\/Dialnet-logo-1024x218.png 1024w, https:\/\/culturdes.umh.es\/files\/2018\/04\/Dialnet-logo-1080x230.png 1080w\" sizes=\"(max-width: 50px) 100vw, 50px\" \/><\/a>\u00a0 \u00a0<a href=\"http:\/\/culturdes.umh.es\/virginia-rodriguez-herrero\/\"><img loading=\"lazy\" class=\"alignnone wp-image-190\" src=\"http:\/\/culturdes.umh.es\/files\/2018\/04\/LOGO-ART-SEC-WEB-FONDO-TRANS-257x300.png\" alt=\"LOGO-ART-SEC-WEB-FONDO-TRANS\" width=\"24\" height=\"28\" srcset=\"https:\/\/culturdes.umh.es\/files\/2018\/04\/LOGO-ART-SEC-WEB-FONDO-TRANS-257x300.png 257w, https:\/\/culturdes.umh.es\/files\/2018\/04\/LOGO-ART-SEC-WEB-FONDO-TRANS-877x1024.png 877w, https:\/\/culturdes.umh.es\/files\/2018\/04\/LOGO-ART-SEC-WEB-FONDO-TRANS-1080x1261.png 1080w, https:\/\/culturdes.umh.es\/files\/2018\/04\/LOGO-ART-SEC-WEB-FONDO-TRANS.png 1122w\" sizes=\"(max-width: 24px) 100vw, 24px\" \/><\/a><\/p>\n<p>[\/et_pb_team_member][et_pb_team_member admin_label=&#8221;Profesor&#8221; global_parent=&#8221;218&#8243; image_url=&#8221;http:\/\/culturdes.umh.es\/files\/2018\/04\/RTM64.png&#8221; animation=&#8221;off&#8221; background_layout=&#8221;light&#8221; use_border_color=&#8221;off&#8221; border_color=&#8221;#ffffff&#8221; border_style=&#8221;solid&#8221; module_class=&#8221;profesor&#8221; name=&#8221;Ra\u00fal Trav\u00e9 Molero&#8221; position=&#8221;Miembro&#8221; header_font=&#8221;|on|||&#8221; header_font_size=&#8221;16&#8243; header_line_height=&#8221;1.5em&#8221;]<\/p>\n<p><a href=\"https:\/\/dialnet.unirioja.es\/servlet\/autor?codigo=3631813\" target=\"_blank\"><img loading=\"lazy\" class=\"alignnone wp-image-188\" src=\"http:\/\/culturdes.umh.es\/files\/2018\/04\/Dialnet-logo-300x64.png\" alt=\"Dialnet-logo\" width=\"50\" height=\"11\" srcset=\"https:\/\/culturdes.umh.es\/files\/2018\/04\/Dialnet-logo-300x64.png 300w, https:\/\/culturdes.umh.es\/files\/2018\/04\/Dialnet-logo-1024x218.png 1024w, https:\/\/culturdes.umh.es\/files\/2018\/04\/Dialnet-logo-1080x230.png 1080w\" sizes=\"(max-width: 50px) 100vw, 50px\" \/><\/a>\u00a0 \u00a0<a href=\"http:\/\/culturdes.umh.es\/raul-trave-molero\/\"><img loading=\"lazy\" class=\"alignnone wp-image-190\" src=\"http:\/\/culturdes.umh.es\/files\/2018\/04\/LOGO-ART-SEC-WEB-FONDO-TRANS-257x300.png\" alt=\"LOGO-ART-SEC-WEB-FONDO-TRANS\" width=\"24\" height=\"28\" srcset=\"https:\/\/culturdes.umh.es\/files\/2018\/04\/LOGO-ART-SEC-WEB-FONDO-TRANS-257x300.png 257w, https:\/\/culturdes.umh.es\/files\/2018\/04\/LOGO-ART-SEC-WEB-FONDO-TRANS-877x1024.png 877w, https:\/\/culturdes.umh.es\/files\/2018\/04\/LOGO-ART-SEC-WEB-FONDO-TRANS-1080x1261.png 1080w, https:\/\/culturdes.umh.es\/files\/2018\/04\/LOGO-ART-SEC-WEB-FONDO-TRANS.png 1122w\" sizes=\"(max-width: 24px) 100vw, 24px\" \/><\/a>\u00a0 \u00a0<a href=\"http:\/\/orcid.org\/0000-0002-0032-1133\" target=\"_blank\"><img loading=\"lazy\" class=\"alignnone wp-image-189\" src=\"http:\/\/culturdes.umh.es\/files\/2018\/04\/ORCID_logo.svg_-300x102.png\" alt=\"ORCID_logo.svg\" width=\"40\" height=\"14\" srcset=\"https:\/\/culturdes.umh.es\/files\/2018\/04\/ORCID_logo.svg_-300x102.png 300w, https:\/\/culturdes.umh.es\/files\/2018\/04\/ORCID_logo.svg_-1024x348.png 1024w, https:\/\/culturdes.umh.es\/files\/2018\/04\/ORCID_logo.svg_-1080x367.png 1080w, https:\/\/culturdes.umh.es\/files\/2018\/04\/ORCID_logo.svg_.png 2000w\" sizes=\"(max-width: 40px) 100vw, 40px\" \/><\/a><\/p>\n<p>[\/et_pb_team_member][\/et_pb_column][\/et_pb_row][\/et_pb_section][et_pb_section admin_label=&#8221;section&#8221; transparent_background=&#8221;off&#8221; allow_player_pause=&#8221;off&#8221; inner_shadow=&#8221;off&#8221; parallax=&#8221;off&#8221; parallax_method=&#8221;off&#8221; padding_mobile=&#8221;off&#8221; make_fullwidth=&#8221;off&#8221; use_custom_width=&#8221;off&#8221; width_unit=&#8221;on&#8221; make_equal=&#8221;off&#8221; use_custom_gutter=&#8221;off&#8221; background_color=&#8221;#ffffff&#8221; module_id=&#8221;profesorado&#8221;][et_pb_row admin_label=&#8221;row&#8221;][et_pb_column type=&#8221;4_4&#8243;][et_pb_text admin_label=&#8221;Texto&#8221; background_layout=&#8221;light&#8221; text_orientation=&#8221;left&#8221; use_border_color=&#8221;off&#8221; border_color=&#8221;#ffffff&#8221; border_style=&#8221;solid&#8221; custom_css_main_element=&#8221;margin-bottom: 1.5rem;&#8221;]<\/p>\n<h2 class=\"section-title\" style=\"text-align: left;\"><span style=\"font-size: 24pt;\">\u00daLTIMAS NOTICIAS<\/span><\/h2>\n<p>[\/et_pb_text][\/et_pb_column][\/et_pb_row][et_pb_row admin_label=&#8221;Fila&#8221; make_fullwidth=&#8221;on&#8221; use_custom_width=&#8221;off&#8221; width_unit=&#8221;on&#8221; use_custom_gutter=&#8221;off&#8221; padding_mobile=&#8221;off&#8221; allow_player_pause=&#8221;off&#8221; parallax=&#8221;off&#8221; parallax_method=&#8221;off&#8221; make_equal=&#8221;off&#8221; parallax_1=&#8221;off&#8221; parallax_method_1=&#8221;off&#8221; column_padding_mobile=&#8221;on&#8221;][et_pb_column type=&#8221;4_4&#8243;][et_pb_post_slider admin_label=&#8221;Post Slider&#8221; posts_number=&#8221;5&#8243; orderby=&#8221;date_desc&#8221; show_arrows=&#8221;on&#8221; show_pagination=&#8221;off&#8221; show_more_button=&#8221;on&#8221; content_source=&#8221;off&#8221; use_manual_excerpt=&#8221;on&#8221; show_meta=&#8221;on&#8221; background_layout=&#8221;light&#8221; show_image=&#8221;off&#8221; image_placement=&#8221;left&#8221; parallax=&#8221;off&#8221; parallax_method=&#8221;off&#8221; use_bg_overlay=&#8221;on&#8221; use_text_overlay=&#8221;off&#8221; remove_inner_shadow=&#8221;off&#8221; background_position=&#8221;default&#8221; background_size=&#8221;default&#8221; auto=&#8221;off&#8221; auto_ignore_hover=&#8221;off&#8221; hide_content_on_mobile=&#8221;off&#8221; hide_cta_on_mobile=&#8221;off&#8221; show_image_video_mobile=&#8221;off&#8221; meta_letter_spacing=&#8221;0&#8243; custom_button=&#8221;off&#8221; button_letter_spacing=&#8221;0&#8243; button_use_icon=&#8221;default&#8221; button_icon_placement=&#8221;right&#8221; button_on_hover=&#8221;on&#8221; button_letter_spacing_hover=&#8221;0&#8243; background_color=&#8221;#ededed&#8221; bottom_padding=&#8221;30px&#8221; top_padding=&#8221;30px&#8221;]<\/p>\n<p>[\/et_pb_post_slider][\/et_pb_column][\/et_pb_row][\/et_pb_section][et_pb_section admin_label=&#8221;section&#8221; transparent_background=&#8221;off&#8221; allow_player_pause=&#8221;off&#8221; inner_shadow=&#8221;off&#8221; parallax=&#8221;off&#8221; parallax_method=&#8221;off&#8221; padding_mobile=&#8221;off&#8221; make_fullwidth=&#8221;off&#8221; use_custom_width=&#8221;off&#8221; width_unit=&#8221;on&#8221; make_equal=&#8221;off&#8221; use_custom_gutter=&#8221;off&#8221; background_color=&#8221;#ededed&#8221;][et_pb_row admin_label=&#8221;row&#8221;][et_pb_column type=&#8221;4_4&#8243;][et_pb_text admin_label=&#8221;Texto&#8221; background_layout=&#8221;light&#8221; text_orientation=&#8221;left&#8221; use_border_color=&#8221;off&#8221; border_color=&#8221;#ffffff&#8221; border_style=&#8221;solid&#8221; custom_css_main_element=&#8221;margin-bottom: 1.5rem;&#8221;]<\/p>\n<h2 class=\"section-title\" style=\"text-align: left;\"><span style=\"font-size: 24pt;\">CONTACTO<\/span><\/h2>\n<p>[\/et_pb_text][\/et_pb_column][\/et_pb_row][et_pb_row admin_label=&#8221;Fila&#8221;][et_pb_column type=&#8221;1_2&#8243;][et_pb_text admin_label=&#8221;Texto&#8221; background_layout=&#8221;light&#8221; text_orientation=&#8221;left&#8221; use_border_color=&#8221;off&#8221; border_color=&#8221;#ffffff&#8221; border_style=&#8221;solid&#8221;]<\/p>\n<p><span style=\"font-size: 14pt;\"><strong>Direcci\u00f3n postal<\/strong><\/span><br \/>\n<span style=\"font-size: 14pt;\"> Universitas Miguel Hern\u00e1ndez (Edif. Torreblanca)<\/span><br \/>\n<span style=\"font-size: 14pt;\"> Avda. de la Universidad, s\/n.<\/span><br \/>\n<span style=\"font-size: 14pt;\"> E-03202 Elche<\/span><\/p>\n<p><span style=\"font-size: 14pt;\"><strong>S\u00edguenos en<\/strong><\/span><\/p>\n<p>[\/et_pb_text][et_pb_text admin_label=&#8221;Texto&#8221; background_layout=&#8221;light&#8221; text_orientation=&#8221;left&#8221; use_border_color=&#8221;off&#8221; border_color=&#8221;#ffffff&#8221; border_style=&#8221;solid&#8221;]<\/p>\n<p><a href=\"http:\/\/www.umh.es\/contenido\/Investigacion\/:uor_1022_59\/datos_es.html\" target=\"_blank\"><img loading=\"lazy\" class=\"alignnone wp-image-170\" src=\"http:\/\/culturdes.umh.es\/files\/2018\/04\/miguelito-doctorazul1sin-239x300.png\" alt=\"miguelito-doctorazul1sin\" width=\"40\" height=\"50\" srcset=\"https:\/\/culturdes.umh.es\/files\/2018\/04\/miguelito-doctorazul1sin-239x300.png 239w, https:\/\/culturdes.umh.es\/files\/2018\/04\/miguelito-doctorazul1sin.png 620w\" sizes=\"(max-width: 40px) 100vw, 40px\" \/><\/a>\u00a0 \u00a0 \u00a0\u00a0<a href=\"https:\/\/www.facebook.com\/culturdes.umh\">\u00a0\u00a0<\/a><a href=\"http:\/\/www.sictur.es\/gruposinvestigacion\/verdetalle?idref=366\" target=\"_blank\"><img loading=\"lazy\" class=\"alignnone wp-image-152\" src=\"http:\/\/culturdes.umh.es\/files\/2018\/04\/logo_sictur-300x75.png\" alt=\"logo_sictur\" width=\"120\" height=\"30\" srcset=\"https:\/\/culturdes.umh.es\/files\/2018\/04\/logo_sictur-300x75.png 300w, https:\/\/culturdes.umh.es\/files\/2018\/04\/logo_sictur.png 750w\" sizes=\"(max-width: 120px) 100vw, 120px\" \/><\/a>\u00a0 \u00a0 \u00a0 \u00a0\u00a0<a href=\"https:\/\/www.facebook.com\/culturdes.umh\" target=\"_blank\"><img loading=\"lazy\" class=\"alignnone wp-image-162\" src=\"http:\/\/culturdes.umh.es\/files\/2018\/04\/Facebook_logo_square-300x300.png\" alt=\"Facebook_logo_square\" width=\"40\" height=\"40\" srcset=\"https:\/\/culturdes.umh.es\/files\/2018\/04\/Facebook_logo_square-300x300.png 300w, https:\/\/culturdes.umh.es\/files\/2018\/04\/Facebook_logo_square-150x150.png 150w, https:\/\/culturdes.umh.es\/files\/2018\/04\/Facebook_logo_square.png 690w\" sizes=\"(max-width: 40px) 100vw, 40px\" \/><\/a>\u00a0 \u00a0 \u00a0 \u00a0 \u00a0\u00a0<a href=\"https:\/\/twitter.com\/CulturdesUMH?ref_src=twsrc%5Etfw&#038;ref_url=http%3A%2F%2Fculturdes.umh.es%2F\" target=\"_blank\"><img loading=\"lazy\" class=\"alignnone wp-image-2115\" src=\"http:\/\/culturdes.umh.es\/files\/2018\/05\/twitter-pequeno.png\" alt=\"twitter-pequeno\" width=\"40\" height=\"40\" \/><\/a><\/p>\n<p>[\/et_pb_text][\/et_pb_column][et_pb_column type=&#8221;1_2&#8243;][et_pb_map admin_label=&#8221;Mapa&#8221; zoom_level=&#8221;17&#8243; address_lat=&#8221;38.27320090000005&#8243; address_lng=&#8221;-0.6922932999999603&#8243; mouse_wheel=&#8221;on&#8221; use_grayscale_filter=&#8221;off&#8221;]<\/p>\n<p>[et_pb_map_pin title=&#8221;TORREBLANCA&#8221; pin_address=&#8221;Av. del Alcalde Vicente Quiles, 8, 03202 Elche, Alicante, Espa\u00f1a&#8221; pin_address_lat=&#8221;38.2732009&#8243; pin_address_lng=&#8221;-0.6922932999999603&#8243;][\/et_pb_map_pin]<\/p>\n<p>[\/et_pb_map][\/et_pb_column][\/et_pb_row][\/et_pb_section]<\/p>","protected":false},"excerpt":{"rendered":"<p>[et_pb_section admin_label=&#8221;section&#8221; background_image=&#8221;http:\/\/culturdes.umh.es\/files\/2018\/04\/Playa_Manantial-2.jpg&#8221; transparent_background=&#8221;off&#8221; allow_player_pause=&#8221;off&#8221; inner_shadow=&#8221;off&#8221; parallax=&#8221;off&#8221; parallax_method=&#8221;off&#8221; padding_mobile=&#8221;off&#8221; make_fullwidth=&#8221;off&#8221; use_custom_width=&#8221;off&#8221; width_unit=&#8221;on&#8221; make_equal=&#8221;off&#8221; use_custom_gutter=&#8221;off&#8221; custom_padding=&#8221;||90px|&#8221;][et_pb_row admin_label=&#8221;row&#8221; make_fullwidth=&#8221;off&#8221; use_custom_width=&#8221;off&#8221; width_unit=&#8221;on&#8221; use_custom_gutter=&#8221;off&#8221; custom_padding=&#8221;0px|||&#8221; padding_mobile=&#8221;off&#8221; allow_player_pause=&#8221;off&#8221; parallax=&#8221;off&#8221; parallax_method=&#8221;off&#8221; make_equal=&#8221;off&#8221; parallax_1=&#8221;off&#8221; parallax_method_1=&#8221;off&#8221; column_padding_mobile=&#8221;on&#8221;][et_pb_column type=&#8221;4_4&#8243;][et_pb_text admin_label=&#8221;Texto&#8221; background_layout=&#8221;dark&#8221; text_orientation=&#8221;center&#8221; use_border_color=&#8221;off&#8221; border_color=&#8221;#ffffff&#8221; border_style=&#8221;solid&#8221; custom_margin=&#8221;||20px|&#8221;] Culturdes-UMH [\/et_pb_text][et_pb_divider admin_label=&#8221;Separador&#8221; color=&#8221;#ffffff&#8221; show_divider=&#8221;on&#8221; divider_style=&#8221;solid&#8221; divider_position=&#8221;bottom&#8221; hide_on_mobile=&#8221;off&#8221; height=&#8221;5&#8243;] [\/et_pb_divider][et_pb_text admin_label=&#8221;Texto&#8221; background_layout=&#8221;dark&#8221; text_orientation=&#8221;center&#8221; use_border_color=&#8221;off&#8221; border_color=&#8221;#ffffff&#8221; border_style=&#8221;solid&#8221;] Cultura, turismo [&hellip;]<\/p>\n","protected":false},"author":6277,"featured_media":0,"parent":0,"menu_order":0,"comment_status":"closed","ping_status":"open","template":"","meta":{"_links_to":"","_links_to_target":""},"_links":{"self":[{"href":"https:\/\/culturdes.umh.es\/en\/wp-json\/wp\/v2\/pages\/1915"}],"collection":[{"href":"https:\/\/culturdes.umh.es\/en\/wp-json\/wp\/v2\/pages"}],"about":[{"href":"https:\/\/culturdes.umh.es\/en\/wp-json\/wp\/v2\/types\/page"}],"author":[{"embeddable":true,"href":"https:\/\/culturdes.umh.es\/en\/wp-json\/wp\/v2\/users\/6277"}],"replies":[{"embeddable":true,"href":"https:\/\/culturdes.umh.es\/en\/wp-json\/wp\/v2\/comments?post=1915"}],"version-history":[{"count":0,"href":"https:\/\/culturdes.umh.es\/en\/wp-json\/wp\/v2\/pages\/1915\/revisions"}],"wp:attachment":[{"href":"https:\/\/culturdes.umh.es\/en\/wp-json\/wp\/v2\/media?parent=1915"}],"curies":[{"name":"wp","href":"https:\/\/api.w.org\/{rel}","templated":true}]}}