{"id":2088,"date":"2018-05-04T11:07:34","date_gmt":"2018-05-04T11:07:34","guid":{"rendered":"http:\/\/culturdes.umh.es\/?page_id=2088"},"modified":"2019-09-10T17:30:38","modified_gmt":"2019-09-10T17:30:38","slug":"antonio-miguel-nogues-pedregal","status":"publish","type":"page","link":"https:\/\/culturdes.umh.es\/en\/antonio-miguel-nogues-pedregal\/","title":{"rendered":"Antonio Miguel Nogu\u00e9s-Pedregal"},"content":{"rendered":"<p>[et_pb_section admin_label=&#8221;Secci\u00f3n&#8221; fullwidth=&#8221;off&#8221; specialty=&#8221;off&#8221; transparent_background=&#8221;off&#8221; allow_player_pause=&#8221;off&#8221; inner_shadow=&#8221;off&#8221; parallax=&#8221;off&#8221; parallax_method=&#8221;off&#8221; padding_mobile=&#8221;off&#8221; make_fullwidth=&#8221;off&#8221; use_custom_width=&#8221;off&#8221; width_unit=&#8221;on&#8221; make_equal=&#8221;off&#8221; use_custom_gutter=&#8221;off&#8221; custom_padding=&#8221;50px||50px|&#8221; background_image=&#8221;http:\/\/culturdes.umh.es\/files\/2018\/04\/Playa_Manantial-2.jpg&#8221;][et_pb_row admin_label=&#8221;Fila&#8221;][et_pb_column type=&#8221;4_4&#8243;][et_pb_text admin_label=&#8221;Texto&#8221; background_layout=&#8221;dark&#8221; text_orientation=&#8221;center&#8221; use_border_color=&#8221;off&#8221; border_color=&#8221;#ffffff&#8221; border_style=&#8221;solid&#8221; custom_margin=&#8221;||0px|&#8221; custom_padding=&#8221;||5px|&#8221;]<\/p>\n<h2>Antonio Miguel Nogu\u00e9s-Pedregal<\/h2>\n<p>[\/et_pb_text][\/et_pb_column][\/et_pb_row][\/et_pb_section][et_pb_section admin_label=&#8221;Secci\u00f3n&#8221; fullwidth=&#8221;on&#8221; specialty=&#8221;off&#8221;][et_pb_fullwidth_menu admin_label=&#8221;Men\u00fa de anchura completa&#8221; menu_id=&#8221;11&#8243; background_color=&#8221;#ededed&#8221; background_layout=&#8221;light&#8221; text_orientation=&#8221;center&#8221; submenu_direction=&#8221;downwards&#8221; fullwidth_menu=&#8221;off&#8221; dropdown_menu_animation=&#8221;fade&#8221; menu_text_color=&#8221;#000000&#8243; menu_font=&#8221;|on|||&#8221;]<\/p>\n<p>\u00a0<\/p>\n<p>[\/et_pb_fullwidth_menu][\/et_pb_section][et_pb_section admin_label=&#8221;Secci\u00f3n&#8221; fullwidth=&#8221;off&#8221; specialty=&#8221;off&#8221;][et_pb_row admin_label=&#8221;Fila&#8221;][et_pb_column type=&#8221;2_3&#8243;][et_pb_text admin_label=&#8221;Texto&#8221; background_layout=&#8221;light&#8221; text_orientation=&#8221;left&#8221; use_border_color=&#8221;off&#8221; border_color=&#8221;#ffffff&#8221; border_style=&#8221;solid&#8221; custom_margin=&#8221;|200px||&#8221;]<\/p>\n<p>\u00a0<\/p>\n<p><strong>Dr. Antonio Miguel Nogu\u00e9s-Pedregal<\/strong><\/p>\n<p><strong>Correo electr\u00f3nico:<\/strong>\u00a0amnogues@umh.es<\/p>\n<p><strong>P\u00e1gina personal:<\/strong>\u00a0<a href=\"http:\/\/amnogues.edu.umh.es\/\" target=\"_blank\">http:\/\/amnogues.edu.umh.es\/<\/a><\/p>\n<p><a href=\"https:\/\/twitter.com\/amnogues\" target=\"_blank\"><img loading=\"lazy\" class=\"alignnone wp-image-2115 size-full\" src=\"http:\/\/culturdes.umh.es\/files\/2018\/05\/twitter-pequeno.png\" alt=\"twitter-pequeno\" width=\"25\" height=\"25\" \/><\/a><\/p>\n<p>\u00a0<\/p>\n<p>[\/et_pb_text][\/et_pb_column][et_pb_column type=&#8221;1_3&#8243;][et_pb_image admin_label=&#8221;Imagen&#8221; src=&#8221;http:\/\/culturdes.umh.es\/files\/2018\/05\/IMG_0120-461&#215;640-196&#215;3001.jpg&#8221; show_in_lightbox=&#8221;off&#8221; url_new_window=&#8221;off&#8221; use_overlay=&#8221;off&#8221; animation=&#8221;off&#8221; sticky=&#8221;off&#8221; align=&#8221;right&#8221; force_fullwidth=&#8221;off&#8221; always_center_on_mobile=&#8221;on&#8221; use_border_color=&#8221;off&#8221; border_color=&#8221;#ffffff&#8221; border_style=&#8221;solid&#8221; custom_margin=&#8221;|50px||&#8221;]<\/p>\n<p>\u00a0<\/p>\n<p>[\/et_pb_image][\/et_pb_column][\/et_pb_row][et_pb_row admin_label=&#8221;Fila&#8221;][et_pb_column type=&#8221;4_4&#8243;][et_pb_text admin_label=&#8221;Texto&#8221; background_layout=&#8221;light&#8221; text_orientation=&#8221;left&#8221; use_border_color=&#8221;off&#8221; border_color=&#8221;#ffffff&#8221; border_style=&#8221;solid&#8221;]<\/p>\n<p style=\"text-align: justify;\">Soy profesor titular de universidad en el\u00a0<a href=\"http:\/\/socialesyhumanas.umh.es\/\" target=\"_blank\">Departamento de Ciencias Sociales y Humanas<\/a>\u00a0de la\u00a0<a href=\"http:\/\/ww.umh.es\/\" target=\"_blank\">Universitas Miguel Hern\u00e1ndez<\/a>, en la que imparto docencia desde que llegu\u00e9 en octubre de 2000. Hasta que la adaptaci\u00f3n al Espacio Europeo de Educaci\u00f3n Superior (Plan Bolonia) extingui\u00f3 la licenciatura de Antropolog\u00eda social y cultural en septiembre de 2014, impart\u00ed\u00a0<em>Antropolog\u00eda social y pol\u00edtica<\/em>\u00a0y\u00a0<em>Antropolog\u00eda del ocio y del turismo<\/em>. En la actualidad soy profesor responsable de las siguientes asignaturas:<\/p>\n<ul style=\"text-align: justify;\">\n<li><a href=\"http:\/\/umh3600.edu.umh.es\/\" target=\"_blank\"><em>Mediaciones culturales en la artes<\/em><\/a>\u00a0en el cuarto curso del\u00a0<a href=\"http:\/\/cau.edu.umh.es\/\" target=\"_blank\">Grado de Comunicaci\u00f3n Audiovisual<\/a><\/li>\n<\/ul>\n<ul style=\"text-align: justify;\">\n<li><a href=\"http:\/\/www.umh.es\/contenido\/Estudios\/:asi_m_3522\/datos_es.html\" target=\"_blank\"><em>Antropolog\u00eda de las manifestaciones del poder<\/em><\/a>\u00a0en el\u00a0<a href=\"http:\/\/www.umh.es\/contenido\/Estudios\/:tit_m_233\/datos_es.html\" target=\"_blank\">Master Universitario en Antropolog\u00eda Social Pr\u00e1ctica<\/a><\/li>\n<\/ul>\n<ul style=\"text-align: justify;\">\n<li><a href=\"http:\/\/www.umh.es\/contenido\/Estudios\/:asi_m_3262\/datos_es.html\" target=\"_blank\"><em>Gesti\u00f3n del patrimonio natural y cultural para el desarrollo rural<\/em><\/a>\u00a0en el\u00a0<a href=\"http:\/\/www.umh.es\/contenido\/Estudios\/:tit_m_203\/datos_es.html\" target=\"_blank\">Master Universitario en Agroecolog\u00eda, Desarrollo Rural y Agroturismo<\/a><\/li>\n<\/ul>\n<p style=\"text-align: justify;\">He realizado diversas estancias de investigaci\u00f3n e impartido conferencias y seminarios en diferentes universidades europeas y americanas:<\/p>\n<ul style=\"text-align: justify;\">\n<li><a href=\"http:\/\/history.ufl.edu\/\" target=\"_blank\">Gainsville \u2013 University of Florida \u2013 College of Libertal Arts and Sciences \u2013 Department of History<\/a>\u00a0(United States of America)<\/li>\n<\/ul>\n<ul style=\"text-align: justify;\">\n<li><a href=\"http:\/\/etnologija.etnoinfolab.org\/en\/default.asp\" target=\"_blank\">Ljubljana \u2013 Univerza v Ljubljani \u2013 Oddelek za etnologijo in kulturno antropologijo [Department of Ethnology and Cultural Anthropology]<\/a>\u00a0(Slovenja)<\/li>\n<\/ul>\n<ul style=\"text-align: justify;\">\n<li><a href=\"http:\/\/www.iftek.uni-mainz.de\/kultur\/\" target=\"_blank\">Mainz \u2013 Johannes Gutenberg-Universit\u00e4t \u2013 Institut f\u00fcr Film-, Theater- und empirische Kulturwissenschaft \u2013 Kulturanthropologie\/Volkskunde<\/a>\u00a0(Mainz \u2013 Deutschland)<\/li>\n<\/ul>\n<ul style=\"text-align: justify;\">\n<li><a href=\"http:\/\/www.sa.aegean.gr\/iridion\/html\/en\/department_profil_en.html\" target=\"_blank\">Mytilene [\u039c\u03c5\u03c4\u03b9\u03bb\u03ae\u03bd\u03b7] \u2013 \u03a0\u03b1\u03bd\u03b5\u03c0\u03b9\u03c3\u03c4\u03ae\u03bc\u03b9\u03bf \u0391\u03b9\u03b3\u03b1\u03af\u03bf\u03c5 [University of the Aegean] \u2013 \u03a4\u03bc\u03ae\u03bc\u03b1 \u039a\u03bf\u03b9\u03bd\u03c9\u03bd\u03b9\u03ba\u03ae\u03c2 \u0391\u03bd\u03b8\u03c1\u03c9\u03c0\u03bf\u03bb\u03bf\u03b3\u03af\u03b1\u03c2 \u03ba\u03b1\u03b9 \u0399\u03c3\u03c4\u03bf\u03c1\u03af\u03b1\u03c2 [Dep. of Social Anthropology and History]<\/a>\u00a0(\u0395\u03bb\u03bb\u03ac\u03b4\u03b1\/Ell\u00e1da)<\/li>\n<\/ul>\n<ul style=\"text-align: justify;\">\n<li><a href=\"https:\/\/www.wolfson.ox.ac.uk\/\" target=\"_blank\">Oxford \u2013 University of Oxford \u2013 Wolfson College<\/a>\u00a0(United Kingdom)<\/li>\n<\/ul>\n<ul style=\"text-align: justify;\">\n<li><a href=\"http:\/\/www.social-sciences.brookes.ac.uk\/\" target=\"_blank\">Oxford \u2013 Brookes University \u2013 Department of Social Sciences<\/a>\u00a0(United Kingdom)<\/li>\n<\/ul>\n<ul style=\"text-align: justify;\">\n<li><a href=\"http:\/\/www.uasb.edu.ec\/web\/area-de-letras\" target=\"_blank\">Quito \u2013 Universidad Andina Sim\u00f3n Bol\u00edvar \u2013 \u00c1rea de Letras y Estudios Culturales<\/a>\u00a0(Ecuador)<\/li>\n<\/ul>\n<ul style=\"text-align: justify;\">\n<li><a href=\"http:\/\/www.unite.it\/UniTE\/Engine\/RAServePG.php\/P\/25701UTE0448\" target=\"_blank\">Teramo \u2013 Universit\u00e0 degli Studi di Teramo \u2013 Facolta\u2019 di Scienze Politiche<\/a>\u00a0(Italia)<\/li>\n<\/ul>\n<ul style=\"text-align: justify;\">\n<li><a href=\"http:\/\/www.wur.nl\/en\/Expertise-Services\/Chair-groups\/Environmental-Sciences\/Cultural-Geography-Group.htm\" target=\"_blank\">Wageningen \u2013 Wageningen University &#038; Research \u2013 Cultural Geography Group<\/a>\u00a0(Nederlands)<\/li>\n<\/ul>\n<p style=\"text-align: justify;\">Soy miembro del comit\u00e9 editorial del\u00a0<a href=\"http:\/\/ijhsd.greenlines-institute.org\/ijhsd_editorial_board.html\" target=\"_blank\">International Journal of Heritage and Sustainable Development<\/a>\u00a0y del consejo asesor de\u00a0<a href=\"http:\/\/www.museuvalenciaetnologia.es\/revista_valenciana_etnologia.html\" target=\"_blank\">Revista Valenciana d\u2019Etnologia<\/a>, y revisor de varias revistas internacionales.<\/p>\n<p style=\"text-align: justify;\">El pasado 28 de enero de 2015 me concedieron el\u00a0<a href=\"https:\/\/www.youtube.com\/watch?v=ff0xKS7vEIA\" target=\"_blank\"><strong>II Premio Jos\u00e9 Lled\u00f3 y Ant\u00f3n sobre libertad y autonom\u00eda universitaria<\/strong><\/a>\u00a0por el trabajo titulado\u00a0<em>La libertad de cat\u00e9dra universitaria en el actual orden de palabras y cosas<\/em>. Aunque el premio del que estoy m\u00e1s orgulloso es el\u00a0<a href=\"https:\/\/www.youtube.com\/watch?v=2iRxisZLX4s\" target=\"_blank\"><strong>Premio al Talento Docente<\/strong><\/a>\u00a0que me concedieron en noviembre de 2014\u00a0<a href=\"https:\/\/pbs.twimg.com\/media\/B20TzraIQAAaKJd.jpg:large\"><img loading=\"lazy\" class=\"alignnone\" src=\"https:\/\/pbs.twimg.com\/media\/B20TzraIQAAaKJd.jpg:large\" alt=\"\" width=\"20\" height=\"20\" \/><\/a>. La revista\u00a0<a href=\"http:\/\/www.umhsapiens.com\/ciencias-sociales\/antonio-miguel-nogues-premio-jose-lledo-y-anton-la-clave-esta-en-el-respeto-hacia-el-alumno\/\" target=\"_blank\"><strong>UMH Sapiens public\u00f3 una entrevista<\/strong><\/a>\u00a0sobre este particular. Y ahora, una\u00a0<a href=\"http:\/\/culturdes.umh.es\/declaracion\/\">breve declaraci\u00f3n<\/a>\u00a0que podr\u00eda aclarar algo m\u00e1s sobre mi visi\u00f3n de las cosas.<\/p>\n<p>[\/et_pb_text][\/et_pb_column][\/et_pb_row][et_pb_row admin_label=&#8221;Fila&#8221;][et_pb_column type=&#8221;4_4&#8243;][et_pb_text admin_label=&#8221;Texto&#8221; background_layout=&#8221;light&#8221; text_orientation=&#8221;left&#8221; use_border_color=&#8221;off&#8221; border_color=&#8221;#ffffff&#8221; border_style=&#8221;solid&#8221;]<\/p>\n<p><strong>L\u00edneas de investigaci\u00f3n<\/strong><\/p>\n<p>[\/et_pb_text][et_pb_text admin_label=&#8221;Texto&#8221; background_layout=&#8221;light&#8221; text_orientation=&#8221;left&#8221; use_border_color=&#8221;off&#8221; border_color=&#8221;#ffffff&#8221; border_style=&#8221;solid&#8221;]<\/p>\n<ol>\n<li>la m\u00e1s te\u00f3rica se centra en los\u00a0<strong>procesos de significaci\u00f3n<\/strong>, es decir, en los procesos por el que las cosas adquieren distintos sentidos en distintos contextos de producci\u00f3n.<\/li>\n<p><\/br><\/p>\n<li>la m\u00e1s etnogr\u00e1fica, indaga en la comprensi\u00f3n de la\u00a0<strong>cultura y la sociedad en contextos tur\u00edsticos<\/strong>, muy influida por los trabajos sobre la dimensi\u00f3n expresiva de Mijail Bajt\u00edn, los estudios etnogr\u00e1ficos de Jeremy Boissevain y la teor\u00eda sobre el espacio social (estratificaci\u00f3n) de Pierre Bourdieu, desde una posici\u00f3n dial\u00f3gica que, de plano, rechaza cualquier posicionamiento esencialista.<\/li>\n<p><\/br><\/p>\n<li>la m\u00e1s aplicada, aborda las cuestiones relacionadas con el\u00a0<strong>patrimonio cultural<\/strong>\u00a0y el desarrollo, tanto en su \u00e1mbito de la\u00a0<strong>cooperaci\u00f3n internacional<\/strong>\u00a0(en Am\u00e9rica Latina) como en la del\u00a0<strong>desarrollo territorial<\/strong>\u00a0(en Europa).<\/li>\n<\/ol>\n<p>[\/et_pb_text][\/et_pb_column][\/et_pb_row][et_pb_row admin_label=&#8221;Fila&#8221;][et_pb_column type=&#8221;4_4&#8243;][et_pb_text admin_label=&#8221;Texto&#8221; background_layout=&#8221;light&#8221; text_orientation=&#8221;left&#8221; use_border_color=&#8221;off&#8221; border_color=&#8221;#ffffff&#8221; border_style=&#8221;solid&#8221;]<\/p>\n<p><strong>Publicaciones m\u00e1s relevantes<\/strong><\/p>\n<p>[\/et_pb_text][et_pb_text admin_label=&#8221;Texto&#8221; background_layout=&#8221;light&#8221; text_orientation=&#8221;left&#8221; use_border_color=&#8221;off&#8221; border_color=&#8221;#ffffff&#8221; border_style=&#8221;solid&#8221;]<\/p>\n<ul>\n<li style=\"text-align: justify;\">Nogu\u00e9s-Pedregal, A.M. (2015):\u00a0<em><a href=\"http:\/\/www.pasosonline.org\/colecciones\/pasos-edita\/324-numero-13-etnografia-bajo-un-espacio-turistico-sus-procesos-de-configuracion\" target=\"_blank\">Etnograf\u00eda bajo un espacio tur\u00edstico. Sus procesos de configuraci\u00f3n<\/a><\/em>. El Sauzal, Tenerife: Pasos edita. (ISBN 978-84-88429-27-8)<\/li>\n<\/ul>\n<ul style=\"text-align: justify;\">\n<li>Nogu\u00e9s-Pedregal, A.M. (Coord.) (2012):\u00a0<a href=\"http:\/\/culturdes.umh.es\/miembros\/am-nogues-pedregal\/book-culture-and-society-in-tourism-contexts\" target=\"_blank\"><em>Culture and society in tourism contexts<\/em><\/a>. Bingley (UK): Emerald Group Publishing Limited. (ISBN 978-0-85724-683-7)\n<ul>\n<li><a href=\"http:\/\/culturdes.umh.es\/files\/2013\/03\/2012_Preface_TSSS-17.pdf\" target=\"_blank\">Preface<\/a>\u00a0: \u201c<em>This PDF is \u00a9 Emerald Group Publishing Limited and is provided for your own personal use only. It may not be used for resale, reprinting, systematic distribution, emailing, web hosting, including institutional repositories\/archives or for any other commercial purpose without the permission of the publisher<\/em>\u201d<\/li>\n<\/ul>\n<\/li>\n<\/ul>\n<ul style=\"text-align: justify;\">\n<li>Nogu\u00e9s-Pedregal, A.M. (2012):\u00a0<a href=\"http:\/\/revistas.ucm.es\/index.php\/RASO\/article\/view\/40053\/38483\" target=\"_blank\">El cronotopo del turismo: espacios y ritmos<\/a>.\u00a0<em><a href=\"http:\/\/revistas.ucm.es\/index.php\/RASO\" target=\"_blank\">Revista de Antropolog\u00eda Social<\/a><\/em>, 21: 147-171, Universidad Complutense de Madrid. (ISSN 1131-558X)<\/li>\n<\/ul>\n<ul style=\"text-align: justify;\">\n<li>Nogu\u00e9s-Pedregal, A.M. y F. Checa Olmos (Coords.) (2011):\u00a0<a href=\"http:\/\/culturdes.umh.es\/miembros\/am-nogues-pedregal\/libro-la-cultura-sentida-homenaje-al-profesor-salvador-rodriguez-becerra\" target=\"_blank\"><em>La cultura sentida. Homenaje al profesor Salvador Rodr\u00edguez Becerra<\/em><\/a>. Sevilla: Signatura ediciones. (ISBN 978-84-96210-92-9)<\/li>\n<\/ul>\n<ul style=\"text-align: justify;\">\n<li>Nogu\u00e9s-Pedregal, A.M. (2009):\u00a0<a href=\"http:\/\/pasosonline.org\/Publicados\/7109\/PS0109_4.pdf\" target=\"_blank\">Genealog\u00eda de la dif\u00edcil relaci\u00f3n entre antropolog\u00eda social y turismo<\/a>.\u00a0<em><a href=\"http:\/\/www.pasosonline.org\/\" target=\"_blank\">Pasos. Revista de turismo y patrimonio cultural<\/a><\/em>, 7(1): 43-56, Universidad de La Laguna. (ISSN 1695-7121)<\/li>\n<\/ul>\n<ul style=\"text-align: justify;\">\n<li>Nogu\u00e9s-Pedregal, A.M. (Coord.) (2003):\u00a0<a href=\"http:\/\/culturdes.umh.es\/miembros\/am-nogues-pedregal\/libro-cultura-y-turismo\" target=\"_blank\"><em>Cultura y turismo<\/em><\/a>. Signatura Ediciones de Andaluc\u00eda. Sevilla. (ISBN 84-95122-57-X)<\/li>\n<\/ul>\n<ul>\n<li>Traducci\u00f3n al castellano de\u00a0<a href=\"http:\/\/culturdes.umh.es\/miembros\/am-nogues-pedregal\/libro-lidiar-con-turistas-reacciones-europeas-al-turismo-en-masa\" target=\"_blank\"><em>Lidiar con turistas. Reacciones europeas al turismo de masas<\/em><\/a>\u00a0(Jeremy Boissevain, Ed. Bellaterra, Barcelona, 2011) (ISBN 978-84-7290-554-2)\n<ul>\n<li style=\"text-align: justify;\"><a href=\"http:\/\/www.ed-bellaterra.com\/uploads\/pdfs\/lidiar%20con%20turistas.%20indice.pdf\" target=\"_blank\">Pr\u00f3logo a la edici\u00f3n espa\u00f1ola: La antropolog\u00eda entre lo cultural y el turismo<\/a><\/li>\n<\/ul>\n<\/li>\n<\/ul>\n<p>[\/et_pb_text][\/et_pb_column][\/et_pb_row][et_pb_row admin_label=&#8221;Fila&#8221;][et_pb_column type=&#8221;4_4&#8243;][et_pb_text admin_label=&#8221;Texto&#8221; background_layout=&#8221;light&#8221; text_orientation=&#8221;left&#8221; use_border_color=&#8221;off&#8221; border_color=&#8221;#ffffff&#8221; border_style=&#8221;solid&#8221;]<\/p>\n<p><strong>Perfiles acad\u00e9micos<\/strong><\/p>\n<p>[\/et_pb_text][et_pb_text admin_label=&#8221;Texto&#8221; background_layout=&#8221;light&#8221; text_orientation=&#8221;center&#8221; use_border_color=&#8221;off&#8221; border_color=&#8221;#ffffff&#8221; border_style=&#8221;solid&#8221;]<\/p>\n<table border=\"0\" width=\"602\" cellspacing=\"0\" cellpadding=\"0\">\n<tbody>\n<tr>\n<td width=\"113\"><a href=\"http:\/\/dialnet.unirioja.es\/servlet\/autor?codigo=525443\" target=\"_blank\"><img loading=\"lazy\" class=\"size-thumbnail wp-image-20 aligncenter\" title=\"Dialnet\" src=\"http:\/\/culturdes.umh.es\/files\/2013\/06\/Dialnet-logo.png\" alt=\"\" width=\"113\" height=\"22\" \/><\/a><\/td>\n<td width=\"113\"><a href=\"http:\/\/umh-es.academia.edu\/amnogues\" target=\"_blank\"><img loading=\"lazy\" class=\"size-thumbnail wp-image-20 aligncenter\" title=\"Academia.edu\" src=\"http:\/\/culturdes.umh.es\/files\/2013\/06\/academia-logo.gif\" alt=\"\" width=\"113\" height=\"22\" \/><\/a><\/td>\n<td width=\"112\"><a href=\"http:\/\/orcid.org\/0000-0002-8352-4488\" target=\"_blank\"><img loading=\"lazy\" class=\"size-thumbnail wp-image-20 aligncenter\" title=\"OrcID\" src=\"http:\/\/culturdes.umh.es\/files\/2013\/06\/OrcID.png\" alt=\"\" width=\"112\" height=\"34\" \/><\/a><\/td>\n<\/tr>\n<tr>\n<td width=\"113\"><a href=\"http:\/\/www.scopus.com\/authid\/detail.url?authorId=55480824300\" target=\"_blank\"><img loading=\"lazy\" class=\"size-thumbnail wp-image-20 aligncenter\" title=\"Scopus\" src=\"http:\/\/culturdes.umh.es\/files\/2013\/06\/Scopus2.jpg\" alt=\"\" width=\"113\" height=\"17\" \/><\/a><\/td>\n<td width=\"151\"><a href=\"http:\/\/www.researcherid.com\/rid\/A-3156-2009\" target=\"_blank\"><img loading=\"lazy\" class=\"size-thumbnail wp-image-20 aligncenter\" title=\"Research ID\" src=\"http:\/\/culturdes.umh.es\/files\/2013\/06\/ResearchID.gif\" alt=\"\" width=\"151\" height=\"17\" \/><\/a><\/td>\n<td width=\"151\"><a href=\"http:\/\/scholar.google.es\/citations?user=y4-tuwwAAAAJ\" target=\"_blank\"><img loading=\"lazy\" class=\"size-thumbnail wp-image-20 aligncenter\" title=\"Google Scholar\" src=\"http:\/\/culturdes.umh.es\/files\/2013\/06\/googlescholar.jpg\" alt=\"\" width=\"105\" height=\"35\" \/><\/a><\/td>\n<\/tr>\n<tr>\n<td width=\"113\"><a href=\"http:\/\/catalogo.bne.es\/uhtbin\/cgisirsi\/0\/x\/0\/05?searchdata1=^A1637775\" target=\"_blank\"><img loading=\"lazy\" class=\" wp-image-20 aligncenter\" title=\"Biblioteca Nacional de Espa\u00f1a\" src=\"http:\/\/www.bne.es\/es\/Micrositios\/Guias\/NovelaCienciaFiccion\/resources\/images\/Nuevo_logo_GobiernoxBNE.jpg\" alt=\"\" width=\"109\" height=\"30\" \/><\/a><\/td>\n<td width=\"113\"><a href=\"http:\/\/viaf.org\/viaf\/search?query=local.personalNames+all+%22Nogu%C3%A9s%20Pedregal%22&#038;sortKeys=holdingscount\" target=\"_blank\"><img loading=\"lazy\" class=\" wp-image-20 aligncenter\" title=\"Virtual International Authority File (VIAF) \" src=\"http:\/\/dialnet.unirioja.es\/imagen\/logos_bd\/viaf.png.pagespeed.ce.NwqUENp2h9.png\" alt=\"\" width=\"34\" height=\"34\" \/><\/a><\/td>\n<td style=\"text-align: center;\" width=\"113\"><a href=\"https:\/\/www.researchgate.net\/profile\/Antonio_Nogues-Pedregal\" target=\"_blank\"><img loading=\"lazy\" class=\" wp-image-20 aligncenter\" title=\"Research Gate\" src=\"http:\/\/culturdes.umh.es\/files\/2015\/07\/ResearchGate_Logo.png\" alt=\"\" width=\"170\" height=\"25\" \/><\/a><\/td>\n<\/tr>\n<\/tbody>\n<\/table>\n<p>[\/et_pb_text][\/et_pb_column][\/et_pb_row][\/et_pb_section]<\/p>","protected":false},"excerpt":{"rendered":"<p>[et_pb_section admin_label=&#8221;Secci\u00f3n&#8221; fullwidth=&#8221;off&#8221; specialty=&#8221;off&#8221; transparent_background=&#8221;off&#8221; allow_player_pause=&#8221;off&#8221; inner_shadow=&#8221;off&#8221; parallax=&#8221;off&#8221; parallax_method=&#8221;off&#8221; padding_mobile=&#8221;off&#8221; make_fullwidth=&#8221;off&#8221; use_custom_width=&#8221;off&#8221; width_unit=&#8221;on&#8221; make_equal=&#8221;off&#8221; use_custom_gutter=&#8221;off&#8221; custom_padding=&#8221;50px||50px|&#8221; background_image=&#8221;http:\/\/culturdes.umh.es\/files\/2018\/04\/Playa_Manantial-2.jpg&#8221;][et_pb_row admin_label=&#8221;Fila&#8221;][et_pb_column type=&#8221;4_4&#8243;][et_pb_text admin_label=&#8221;Texto&#8221; background_layout=&#8221;dark&#8221; text_orientation=&#8221;center&#8221; use_border_color=&#8221;off&#8221; border_color=&#8221;#ffffff&#8221; border_style=&#8221;solid&#8221; custom_margin=&#8221;||0px|&#8221; custom_padding=&#8221;||5px|&#8221;] Antonio Miguel Nogu\u00e9s-Pedregal [\/et_pb_text][\/et_pb_column][\/et_pb_row][\/et_pb_section][et_pb_section admin_label=&#8221;Secci\u00f3n&#8221; fullwidth=&#8221;on&#8221; specialty=&#8221;off&#8221;][et_pb_fullwidth_menu admin_label=&#8221;Men\u00fa de anchura completa&#8221; menu_id=&#8221;11&#8243; background_color=&#8221;#ededed&#8221; background_layout=&#8221;light&#8221; text_orientation=&#8221;center&#8221; submenu_direction=&#8221;downwards&#8221; fullwidth_menu=&#8221;off&#8221; dropdown_menu_animation=&#8221;fade&#8221; menu_text_color=&#8221;#000000&#8243; menu_font=&#8221;|on|||&#8221;] \u00a0 [\/et_pb_fullwidth_menu][\/et_pb_section][et_pb_section admin_label=&#8221;Secci\u00f3n&#8221; fullwidth=&#8221;off&#8221; specialty=&#8221;off&#8221;][et_pb_row admin_label=&#8221;Fila&#8221;][et_pb_column type=&#8221;2_3&#8243;][et_pb_text admin_label=&#8221;Texto&#8221; [&hellip;]<\/p>\n","protected":false},"author":6277,"featured_media":0,"parent":0,"menu_order":0,"comment_status":"open","ping_status":"open","template":"","meta":{"_links_to":"","_links_to_target":""},"_links":{"self":[{"href":"https:\/\/culturdes.umh.es\/en\/wp-json\/wp\/v2\/pages\/2088"}],"collection":[{"href":"https:\/\/culturdes.umh.es\/en\/wp-json\/wp\/v2\/pages"}],"about":[{"href":"https:\/\/culturdes.umh.es\/en\/wp-json\/wp\/v2\/types\/page"}],"author":[{"embeddable":true,"href":"https:\/\/culturdes.umh.es\/en\/wp-json\/wp\/v2\/users\/6277"}],"replies":[{"embeddable":true,"href":"https:\/\/culturdes.umh.es\/en\/wp-json\/wp\/v2\/comments?post=2088"}],"version-history":[{"count":0,"href":"https:\/\/culturdes.umh.es\/en\/wp-json\/wp\/v2\/pages\/2088\/revisions"}],"wp:attachment":[{"href":"https:\/\/culturdes.umh.es\/en\/wp-json\/wp\/v2\/media?parent=2088"}],"curies":[{"name":"wp","href":"https:\/\/api.w.org\/{rel}","templated":true}]}}