{"id":68,"date":"2018-04-12T11:46:01","date_gmt":"2018-04-12T11:46:01","guid":{"rendered":"http:\/\/grupoinvestigacion.edu-desarrollo.umh.es\/?page_id=68"},"modified":"2019-11-18T09:44:20","modified_gmt":"2019-11-18T09:44:20","slug":"publicaciones","status":"publish","type":"page","link":"https:\/\/culturdes.umh.es\/en\/publicaciones\/","title":{"rendered":"Publicaciones"},"content":{"rendered":"<p>[et_pb_section admin_label=&#8221;Secci\u00f3n&#8221; fullwidth=&#8221;off&#8221; specialty=&#8221;off&#8221; transparent_background=&#8221;off&#8221; allow_player_pause=&#8221;off&#8221; inner_shadow=&#8221;off&#8221; parallax=&#8221;off&#8221; parallax_method=&#8221;off&#8221; padding_mobile=&#8221;off&#8221; make_fullwidth=&#8221;off&#8221; use_custom_width=&#8221;off&#8221; width_unit=&#8221;on&#8221; make_equal=&#8221;off&#8221; use_custom_gutter=&#8221;off&#8221; custom_padding=&#8221;50px||50px|&#8221; background_image=&#8221;http:\/\/culturdes.umh.es\/files\/2018\/04\/Playa_Manantial-2.jpg&#8221;][et_pb_row admin_label=&#8221;Fila&#8221;][et_pb_column type=&#8221;4_4&#8243;][et_pb_text admin_label=&#8221;Texto&#8221; background_layout=&#8221;dark&#8221; text_orientation=&#8221;center&#8221; use_border_color=&#8221;off&#8221; border_color=&#8221;#ffffff&#8221; border_style=&#8221;solid&#8221; custom_margin=&#8221;||0px|&#8221; custom_padding=&#8221;||5px|&#8221;]<\/p>\n<h2>Publicaciones<\/h2>\n<p>[\/et_pb_text][\/et_pb_column][\/et_pb_row][\/et_pb_section][et_pb_section admin_label=&#8221;Secci\u00f3n&#8221; fullwidth=&#8221;on&#8221; specialty=&#8221;off&#8221;][et_pb_fullwidth_menu admin_label=&#8221;Men\u00fa de anchura completa&#8221; menu_id=&#8221;11&#8243; background_color=&#8221;#ededed&#8221; background_layout=&#8221;light&#8221; text_orientation=&#8221;center&#8221; submenu_direction=&#8221;downwards&#8221; fullwidth_menu=&#8221;off&#8221; dropdown_menu_animation=&#8221;fade&#8221; menu_text_color=&#8221;#000000&#8243; menu_font=&#8221;|on|||&#8221;]<\/p>\n<p>\u00a0<\/p>\n<p>[\/et_pb_fullwidth_menu][\/et_pb_section][et_pb_section admin_label=&#8221;section&#8221;][et_pb_row admin_label=&#8221;Fila&#8221;][et_pb_column type=&#8221;4_4&#8243;][et_pb_text admin_label=&#8221;Texto&#8221; background_layout=&#8221;light&#8221; text_orientation=&#8221;left&#8221; use_border_color=&#8221;off&#8221; border_color=&#8221;#ffffff&#8221; border_style=&#8221;solid&#8221;]<\/p>\n<h5 style=\"text-align: justify;\"><strong>2016<\/strong><\/h5>\n<hr \/>\n<p>\u00a0<\/p>\n<ul>\n<li>Nogu\u00e9s-Pedregal, Antonio Miguel, Ana Myriam Seva-Llor; Daniel Camona Zubiri, Ra\u00fal Trav\u00e9 Molero, \u00c1ngela Bernabeu Sanz, Roland Calvo Calabuig, Elpidio del Campo Ca\u00f1izares, Eduardo Fern\u00e1ndez Jover, Olga Pellicer Porcar &#038; Santiago Canals (2016):\u00a0<a href=\"http:\/\/www.seaf.net\/images\/seaf\/papers\/vol37\/3-nogues.pdf\" target=\"_blank\">\u00abDe la cultura al cerebro y viceversa. Bit\u00e1cora de una exploraci\u00f3n en neuroantropolog\u00eda\u00bb<\/a>.\u00a0<a href=\"http:\/\/seaf.es\/index.php\/revista-reaf\" target=\"_blank\">Revista Espa\u00f1ola de Antropolog\u00eda F\u00edsica<\/a>, 37:28-42.<\/li>\n<\/ul>\n<ul>\n<li>Trav\u00e9-Molero, R., D. Carmona-Zubiri &#038; A.M. Nogu\u00e9s-Pedregal (2016):\u00a0<a href=\"https:\/\/www.researchgate.net\/publication\/311698439_Discursos_periodisticos_y_practicas_comunicativas_alrededor_del_turismo_El_caso_de_Portman_Region_de_Murcia\" target=\"_blank\">\u00abDiscursos period\u00edsticos y pr\u00e1cticas comunicativas alrededor del turismo. El caso de Portm\u00e1n (Regi\u00f3n de Murcia)\u00bb<\/a>.\u00a0<em><a href=\"http:\/\/www.antropologia.cat\/taxonomy\/term\/160\" target=\"_blank\">Quaderns del Institut Catal\u00e0 d\u2019Antropologia<\/a><\/em>, 32: 95-122<\/li>\n<\/ul>\n<ul style=\"text-align: justify;\">\n<li>Nogu\u00e9s-Pedregal, A.M. (2016):\u00a0<a href=\"https:\/\/www.academia.edu\/32715646\/Entre_el_lentisco_y_la_jara._Cinco_conclusiones_socio-antropol%C3%B3gicas_sobre_el_turismo\" target=\"_blank\">\u00abEntre el lentisco y la jara. Cinco conclusiones socio-antropol\u00f3gicas sobre el turismo\u00bb<\/a>.\u00a0<em><a href=\"http:\/\/www.antropologia.cat\/taxonomy\/term\/160\" target=\"_blank\">Quaderns del Institut Catal\u00e0 d\u2019Antropologia<\/a><\/em>, 32: 29-50<\/li>\n<\/ul>\n<h5 style=\"text-align: justify;\"><strong>2015<\/strong><\/h5>\n<hr \/>\n<p>\u00a0<\/p>\n<ul style=\"text-align: justify;\">\n<li>Carmona-Zubiri, D., R. Trav\u00e9-Molero &#038; A.M. Nogu\u00e9s-Pedregal (2015):\u00a0<a href=\"http:\/\/www.revistaandaluzadeantropologia.org\/uploads\/raa\/n8\/nogues.pdf\" target=\"_blank\">\u00abLos misterios del patrimonio y el turismo en Elche. Lo global (UNESCO) en lo local (identidad)\u00bb<\/a>.\u00a0<a href=\"http:\/\/www.revistaandaluzadeantropologia.org\/\" target=\"_blank\"><em>Revista Andaluza de Antropolog\u00eda<\/em><\/a>, 8: 113-140<\/li>\n<\/ul>\n<h5 style=\"text-align: justify;\"><strong>2014<\/strong><\/h5>\n<hr \/>\n<p>\u00a0<\/p>\n<ul style=\"text-align: justify;\">\n<li>Soler-Garc\u00eda, C., E. Caballero-Segarra &#038; A.M. Nogu\u00e9s-Pedregal, coordinadores (2014):\u00a0<a href=\"http:\/\/culturdes.umh.es\/publicaciones\/cantera-debate\" target=\"_blank\"><em>Conversatorio sobre interculturalidad y desarrollo<\/em><\/a>.\u00a0<a href=\"http:\/\/culturdes.umh.es\/publicaciones\/cantera-editorial\" target=\"_blank\">Cantera Editorial<\/a>, Elche.<\/li>\n<\/ul>\n<h5 style=\"text-align: justify;\"><strong>2013<\/strong><\/h5>\n<hr \/>\n<p>\u00a0<\/p>\n<ul style=\"text-align: justify;\">\n<li>20. Caballero Segarra, E. C. G\u00f3mez S\u00e1nchez, C. Soler Garc\u00eda y A.M. Nogu\u00e9s Pedregal (2012):\u00a0<a href=\"https:\/\/www.academia.edu\/5839037\/El_debilitamiento_de_la_AOD_en_Espa%C3%B1a_vista_desde_el_contexto_universitario\" target=\"_blank\">\u00abEl debilitamiento de la AOD en Espa\u00f1a vista desde el contexto universitario\u00bb<\/a>. En\u00a0<em>Los nuevos retos para la investigaci\u00f3n en turismo y cooperaci\u00f3n<\/em>, I. Sariego L\u00f3pez (coord.), pp. 68-79. Escuela Universitaria de Turismo \u2018Altamira\u2019 CESTE, Santander.<\/li>\n<\/ul>\n<h5 style=\"text-align: justify;\"><strong>2012<\/strong><\/h5>\n<hr \/>\n<p>\u00a0<\/p>\n<ul style=\"text-align: justify;\">\n<li>Nogu\u00e9s-Pedregal, A.M. (Ed.) (2012):\u00a0<a href=\"http:\/\/culturdes.umh.es\/publicaciones\/book-culture-and-society-in-tourism-contexts\" target=\"_blank\"><em>Culture and Society in Tourism Contexts<\/em>.\u00a0<\/a>Bingley (UK): Emerald Group Publishing Limited.\n<ul>\n<li><a href=\"https:\/\/www.researchgate.net\/publication\/294573087_Introduction\" target=\"_blank\">Introduction<\/a><\/li>\n<li><a href=\"https:\/\/www.researchgate.net\/publication\/294573178_Conclusion_Sociocultural_Nature_and_Context_of_Tourism\" target=\"_blank\">Conclusi\u00f3n. Socio-cultural nature and context of tourism<\/a><\/li>\n<\/ul>\n<\/li>\n<\/ul>\n<ul style=\"text-align: justify;\">\n<li>Nogu\u00e9s-Pedregal, A.M. (2012):\u00a0<a href=\"http:\/\/revistas.ucm.es\/index.php\/RASO\/article\/view\/40053\/38483\" target=\"_blank\">\u00abEl cronotopo del turismo: espacios y ritmos\u00bb<\/a>. <<a href=\"http:\/\/revistas.ucm.es\/index.php\/RASO\" target=\"_blank\"><em>Revista de Antropolog\u00eda Social<\/em><\/a>, 21: 147-171, Universidad Complutense de Madrid. (ISSN 1131-558X)<\/li>\n<\/ul>\n<h5 style=\"text-align: justify;\"><strong>2011<\/strong><\/h5>\n<hr \/>\n<p>\u00a0<\/p>\n<ul style=\"text-align: justify;\">\n<li>Nogu\u00e9s-Pedregal, A.M. (2011): Traducci\u00f3n al castellano de\u00a0<a href=\"http:\/\/culturdes.umh.es\/publicaciones\/libro-lidiar-con-turistas-reacciones-europeas-al-turismo-en-masa\" target=\"_blank\"><em>Lidiar con turistas. Reacciones europeas al turismo de masas<\/em><\/a>\u00a0(Jeremy Boissevain, Ed. Bellaterra, Barcelona, 2011) (ISBN 978-84-7290-554-2)<\/li>\n<\/ul>\n<ul style=\"text-align: justify;\">\n<li>Caballero-Segarra, E., C. Soler-Garc\u00eda &#038; A.M. Nogu\u00e9s-Pedregal (2011):\u00a0<a href=\"https:\/\/www.academia.edu\/1218049\/CULTURDES_UMH_el_desarrollo_de_acciones_para_mejorar_los_instrumentos_de_la_cooperaci%C3%B3n_internacional_desde_un_grupo_de_investigaci%C3%B3n_universitario\" target=\"_blank\">\u00abCULTURDES \u2013 UMH: el desarrollo de acciones para mejorar los instrumentos de la cooperaci\u00f3n internacional desde un grupo de investigaci\u00f3n universitario\u00bb<\/a>. Comunicaci\u00f3n presentada en el\u00a0<em>V Congreso Universidad y Cooperaci\u00f3n<\/em>\u00a0celebrado en C\u00e1diz del 6 al 8 de abril de 2011.<\/li>\n<\/ul>\n<h5 style=\"text-align: justify;\"><strong>2010<\/strong><\/h5>\n<hr \/>\n<p>\u00a0<\/p>\n<ul style=\"text-align: justify;\">\n<li>Soler-Garc\u00eda, C., E. Caballero-Segarra &#038; A.M. Nogu\u00e9s-Pedregal (2010):\u00a0<a href=\"https:\/\/www.academia.edu\/1217830\/Cultura_turismo_y_desarrollo_o_c%C3%B3mo_la_cultura_se_diluye_con_el_patrimonio_cultural\" target=\"_blank\">\u00abCultura, turismo y desarrollo o c\u00f3mo la cultura se diluye con el patrimonio cultural en contextos de desarrollo\u00bb<\/a>, En Actas del\u00a0<a href=\"http:\/\/www.patrimonioydesarrollo.es\/\" target=\"_blank\">IV Congreso Internacional de Patrimonio Cultural y Cooperaci\u00f3n al Desarrollo<\/a>, p\u00e1gs. 389-394. Instituto Andaluz del Patrimonio Hist\u00f3rico \u2013 IAPH \u2013 Sevilla (ISBN:978-84-482-4011-0).<\/li>\n<\/ul>\n<ul style=\"text-align: justify;\">\n<li>Nogu\u00e9s-Pedregal, A.M., E. Caballero-Segarra, E. &#038; C. Soler-Garc\u00eda (2010):\u00a0<a href=\"https:\/\/www.academia.edu\/542623\/Turismo_y_cooperaci%C3%B3n_al_desarrollo_qu%C3%A9_papel_desempe%C3%B1a_la_cultura_en_esta_relaci%C3%B3n\" target=\"_blank\">\u00abTurismo y (cooperaci\u00f3n al) desarrollo: qu\u00e9 papel desempe\u00f1a la cultura en esta relaci\u00f3n\u00bb<\/a>. En M. Nel\u00b7lo (coord.) Actas\u00a0<a href=\"http:\/\/congrescoodtur.org\/2009\/es\/\" target=\"_blank\">I Congreso COODTUR \u2013 Red Internacional de Investigadores en Turismo, Cooperaci\u00f3n y Desarrollo<\/a>. Universitat Rovira i Virigili, Tarragona (ISBN: 978-84-693-8085-7).<\/li>\n<\/ul>\n<ul style=\"text-align: justify;\">\n<li>Nogu\u00e9s-Pedregal, A.M. &#038; D. Carmona-Zubiri (2010):\u00a0<a href=\"http:\/\/culturdes.umh.es\/files\/2015\/04\/2010_abstract_Goteborg.pdf\" target=\"_blank\">\u201cHistory and meaning in tourism contexts. The case of a two World Heritage city\u201d<\/a>. Paper presented at the\u00a0<a href=\"http:\/\/www.isa-sociology.org\/congress2010\/\" target=\"_blank\">XVII World Congress of Sociology<\/a>\u00a0(G\u00f6teborg \u2013 Sweden, july 2010).<\/li>\n<\/ul>\n<ul style=\"text-align: justify;\">\n<li>Carmona-Zubiri, D, &#038; A.M. Nogu\u00e9s-Pedregal (2010):\u00a0<a href=\"http:\/\/culturdes.umh.es\/files\/2010\/07\/2010_%C3%89vora.pdf\" target=\"_blank\"><em>Coping with two World Heritages. The Unesco declarations and local identity in Elche<\/em><\/a>. En\u00a0<em>Heritage 2010. Heritage and sustainable development<\/em>, R. Am\u00f4eda, S. Liria y C. Pinheiro (coords.) Vol2, , p\u00e1gs. 769-776. Green Lines Instituto para o Desenvolvimento Sustent\u00e1vel, Barcelos \u2013 Portugal (ISBN 978-989-95671-3-9). (Paper presented at the\u00a0<a href=\"http:\/\/www.heritage2010.greenlines-institute.org\/\" target=\"_blank\">II Heritage and sustainable development<\/a>\u00a0(\u00c9vora \u2013 Portugal, junio 2010).<\/li>\n<\/ul>\n<h5 style=\"text-align: justify;\"><strong>2009<\/strong><\/h5>\n<hr \/>\n<p>\u00a0<\/p>\n<ul style=\"text-align: justify;\">\n<li>Nogu\u00e9s-Pedregal, A.M. (Coord.) (2009):\u00a0<a href=\"http:\/\/pasosonline.org\/Publicados\/7109\/PS0109_4.pdf\" target=\"_blank\">\u201cGenealog\u00eda de la dif\u00edcil relaci\u00f3n entre antropolog\u00eda social y turismo\u201d<\/a>.\u00a0<a href=\"http:\/\/www.pasosonline.org\/\" target=\"_blank\">Pasos. Revista de turismo y patrimonio cultural<\/a>, 7(1): 43-56, Universidad de La Laguna. (ISSN 1695-7121)<\/li>\n<\/ul>\n<ul style=\"text-align: justify;\">\n<li>Jacobsen, J.Kr.S., L. Selstad y A.M. Nogu\u00e9s-Pedregal (2009):\u00a0<a href=\"http:\/\/dx.doi.org\/10.1080\/14766820903259501\" target=\"_blank\">\u201cIntroverts abroad? Long-term visitors\u2019 adaptations to the multicultural tourism context of Costa Blanca, Spain\u201d<\/a>\u201c.\u00a0<a href=\"http:\/\/www.tandf.co.uk\/journals\/rtcc\" target=\"_blank\"><em>Journal of Tourism and Cultural Change<\/em><\/a>, 7(3):190-202, 2009 (ISSN 1747-7654).<\/li>\n<\/ul>\n<ul style=\"text-align: justify;\">\n<li>Nogu\u00e9s-Pedregal, A.M. (2009):\u00a0<a href=\"http:\/\/culturdes.umh.es\/files\/2010\/07\/2009_Ocio_Fin_campesinado.pdf\" target=\"_blank\">\u201cOcio y tiempo festivo: del trabajo de sol a sol a la imperiosa necesidad de vacaciones\u201d<\/a>.\u00a0<em>En<\/em>\u00a0S. Rodr\u00edguez Becerra y C. Mac\u00edas S\u00e1nchez (coords),\u00a0<a href=\"http:\/\/www.centrodeestudiosandaluces.es\/?mod=publicaciones&#038;id=2412&#038;cat=42&#038;idm=\" target=\"_blank\"><em>El fin del campesinado: transformaciones culturales de la sociedad rural andaluza en la segunda mitad del siglo XX<\/em><\/a>. Pp. 195-218. Centro de Estudios Andaluces-Junta de Andaluc\u00eda, Sevilla (ISBN 978-84-613-3428-5).<\/li>\n<\/ul>\n<h5 style=\"text-align: justify;\"><strong>2008<\/strong><\/h5>\n<hr \/>\n<p>\u00a0<\/p>\n<ul style=\"text-align: justify;\">\n<li>Nogu\u00e9s-Pedregal, A.M. (2008):\u00a0<a href=\"http:\/\/www.ugr.es\/~pwlac\/G24_26AntonioMiguel_Nogues_Pedregal.html\" target=\"_blank\">\u201cPoder pol\u00edtico local y urbanismo en entornos tur\u00edsticos. La mediaci\u00f3n del espacio tur\u00edstico en la producci\u00f3n de significados\u201d<\/a>.\u00a0<a href=\"http:\/\/www.ugr.es\/~pwlac\/Welcome.html\" target=\"_blank\">Gazeta de Antropolog\u00eda<\/a>, 24. Granada (ISSN: 0214-7564).<\/li>\n<\/ul>\n<ul style=\"text-align: justify;\">\n<li>Nogu\u00e9s-Pedregal, A.M. (2008):\u00a0<a href=\"https:\/\/www.academia.edu\/542620\/A_tauromachian_controversy_over_identities._The_mediation_of_tourism_space_in_the_negotiation_of_meanings\" target=\"_blank\">\u201cA tauromachian controversy over identities. The mediation of tourism space in the negotiation of meanings\u201d<\/a>.<em>\u00a0En<\/em>\u00a0J. Repi\u010d, A. Bartulovi\u0107 and K. Sajovec Altshul (eds.),\u00a0<a href=\"http:\/\/etnologija.etnoinfolab.org\/en\/informacija.asp?id_meta_type=73&#038;id_informacija=218\" target=\"_blank\"><em>Zupani\u010d\u2019s Collection 28: Mess and Ramses II. Mediterranean Ethnological Summer School<\/em><\/a>, vol. 7. Pp. 221-238. University of Ljubljana (ISBN 978-961-237-279-8).<\/li>\n<\/ul>\n<ul style=\"text-align: justify;\">\n<li>Nogu\u00e9s-Pedregal, A.M. (2008):\u00a0<a href=\"http:\/\/culturdes.umh.es\/files\/2010\/07\/2008_Libro_CABI-Burns.pdf\" target=\"_blank\"><em>A contextual approach to the power relation between tourism and development<\/em><\/a>. En P. Burns and M. Novelli (coords.)\u00a0<a href=\"http:\/\/bookshop.cabi.org\/default.aspx?site=191&#038;page=2633&#038;pid=2096\" target=\"_blank\">Tourism and development: growth, myths and inequalities<\/a>. Pp. 141-158. CAB International, Wallingford (ISBN 978-1-845934255).<\/li>\n<\/ul>\n<ul style=\"text-align: justify;\">\n<li>Nogu\u00e9s-Pedregal, A.M. (2008):\u00a0<em><a href=\"http:\/\/culturdes.umh.es\/files\/2010\/10\/2008_Prisma.pdf\" target=\"_blank\">La relaci\u00f3n entre turismo y cultura<\/a><\/em>. En\u00a0<a href=\"http:\/\/prisma2.org.sv\/web\/publicacion_detalle.php?id=352\" target=\"_blank\">Encuentro Turismo y Patrimonio Cultural en Centroam\u00e9rica<\/a>\u00a0organizado por\u00a0<a href=\"http:\/\/prisma2.org.sv\/web\/home.php\" target=\"_blank\">PRISMA: Programa Salvadore\u00f1o de Investigaci\u00f3n sobre Desarrollo y Medioambiente<\/a>, celebrado en San Salvador los d\u00edas 7 y 8 de febrero de 2008.<\/li>\n<\/ul>\n<h5 style=\"text-align: justify;\"><strong>2007<\/strong><\/h5>\n<hr \/>\n<p>\u00a0<\/p>\n<ul style=\"text-align: justify;\">\n<li>Nogu\u00e9s-Pedregal, A.M. (2007):\u00a0<a href=\"http:\/\/culturdes.umh.es\/files\/2010\/07\/2007_Topolog%C3%ADa-social.pdf\" target=\"_blank\">\u201cQuiz\u00e1s una cuesti\u00f3n de topolog\u00eda social: Moebius, la interculturalidad y los residentes europeos en Alicante\u201d<\/a>.\u00a0<em><a href=\"http:\/\/www.museuvalenciaetnologia.es\/ca\/fondos\/revista-valenciana-d%27etnologia\" target=\"_blank\">Revista Valenciana d\u2019Etnolog\u00eda<\/a><\/em>, 2: 33-58. Valencia (ISSN 1885-1533).<\/li>\n<\/ul>\n<ul style=\"text-align: justify;\">\n<li>Nogu\u00e9s-Pedregal, A.M. (2007):\u00a0<a href=\"http:\/\/culturdes.umh.es\/files\/2012\/07\/2007_M%C3%A9xico_Playas_Puerto.pdf\" target=\"_blank\">Lugares y territorios: la segregaci\u00f3n social y pol\u00edtica en contextos tur\u00edsticos\u201d<\/a>.\u00a0<em>En<\/em>\u00a0D. Lagunas (coord.)\u00a0<em><a href=\"http:\/\/www.plazayvaldes.es\/libro\/antropologia-y-turismo\/1257\/\" target=\"_blank\"><em>Antropolog\u00eda y turismo. Claves culturales y disciplinares<\/em><\/a><\/em>. P\u00e1gs. 165-184. Plaza y Vald\u00e9s, M\u00e9xico D.F. (ISBN 978-970-722-626-5).<\/li>\n<\/ul>\n<h5 style=\"text-align: justify;\"><strong>2006<\/strong><\/h5>\n<hr \/>\n<p>\u00a0<\/p>\n<ul style=\"text-align: justify;\">\n<li>Nogu\u00e9s-Pedregal, A.M. (2006):\u00a0<em><a href=\"http:\/\/culturdes.umh.es\/files\/2012\/07\/2006_Patrimonio_desarrollo.pdf\" target=\"_blank\">\u2018Dar valor\u2019 y \u2018Poner en valor\u2019. Dos estrategias para el desarrollo significativo del patrimonio en contextos tur\u00edsticos<\/a><\/em>. En G. Mu\u00f1oz Cosme y C. Vidal Lorenzo (coords.)\u00a0<em>Actas del II Congreso Internacional de Patrimonio Cultural y Cooperaci\u00f3n al Desarrollo<\/em>. P\u00e1gs. 291-311. Universidad Polit\u00e9cnica de Valencia, Valencia (ISBN 84-8363-065-6).<\/li>\n<\/ul>\n<h5 style=\"text-align: justify;\"><strong>2005<\/strong><\/h5>\n<hr \/>\n<p>\u00a0<\/p>\n<ul style=\"text-align: justify;\">\n<li>Nogu\u00e9s-Pedregal, A.M. (2005)\u00a0<a href=\"https:\/\/www.academia.edu\/542625\/Etnografias_de_la_globalizacion_como_pensar_el_turismo_desde_la_antropologia\" target=\"_blank\">\u201cEtnograf\u00edas de la globalizaci\u00f3n. C\u00f3mo pensar el turismo desde la antropolog\u00eda\u201d<\/a>.\u00a0<em>Archipi\u00e9lago. Cuadernos de cr\u00edtica de la cultura<\/em>, 68: 33-38. (ISSN 0214-2686)<\/li>\n<\/ul>\n<ul style=\"text-align: justify;\">\n<li>Nogu\u00e9s-Pedregal, A.M. (2003):\u00a0<a href=\"http:\/\/culturdes.umh.es\/publicaciones\/libro-cultura-y-turismo\" target=\"_blank\"><em>Cultura y turismo<\/em>.\u00a0<\/a><a href=\"http:\/\/www.signaturaediciones.com\/antropologia%20marco.htm\" target=\"_blank\">Signatura Ediciones de Andaluc\u00eda<\/a>. Sevilla, 2003. (ISBN 84-95122-57-X).<\/li>\n<\/ul>\n<h5 style=\"text-align: justify;\"><strong>Pre \u2013 2000<\/strong><\/h5>\n<hr \/>\n<p>\u00a0<\/p>\n<ul>\n<li style=\"text-align: justify;\">Nogu\u00e9s-Pedregal, A.M. (1995):\u00a0<a href=\"https:\/\/www.academia.edu\/543255\/Antropologia_y_turismo_rural_una_contingencia_necesaria\" target=\"_blank\">\u201cAntropolog\u00eda y turismo rural. Una contingencia necesaria\u201d<\/a>.\u00a0<em><a href=\"http:\/\/www.ugr.es\/~pwlac\/G11_08AntonioMiguel_Nogues_Pedregal.html\" target=\"_blank\">Gazeta de Antropolog\u00eda<\/a><\/em>, 11:66-70. Sevilla. (ISSN: 0214-7564)<\/li>\n<\/ul>\n<ul>\n<li style=\"text-align: justify;\">Nogu\u00e9s-Pedregal, A.M. (1994):\u00a0<a href=\"http:\/\/culturdes.umh.es\/files\/2012\/07\/1994_Dem%C3%B3filo_13_Fiestas_Turismo_Zahara.pdf\" target=\"_blank\">\u201cFiestas, turismo e identidad en Zahara de los Atunes\u201d<\/a>.\u00a0<em><a href=\"http:\/\/www.fundacionmachado.com\/index.php?option=com_content&#038;view=article&#038;id=19&#038;Itemid=7\" target=\"_blank\">Dem\u00f3filo<\/a><\/em>, 13:157-166. Sevilla. (ISSN: 1133-8032)<\/li>\n<\/ul>\n<p>[\/et_pb_text][\/et_pb_column][\/et_pb_row][\/et_pb_section]<\/p>","protected":false},"excerpt":{"rendered":"<p>[et_pb_section admin_label=&#8221;Secci\u00f3n&#8221; fullwidth=&#8221;off&#8221; specialty=&#8221;off&#8221; transparent_background=&#8221;off&#8221; allow_player_pause=&#8221;off&#8221; inner_shadow=&#8221;off&#8221; parallax=&#8221;off&#8221; parallax_method=&#8221;off&#8221; padding_mobile=&#8221;off&#8221; make_fullwidth=&#8221;off&#8221; use_custom_width=&#8221;off&#8221; width_unit=&#8221;on&#8221; make_equal=&#8221;off&#8221; use_custom_gutter=&#8221;off&#8221; custom_padding=&#8221;50px||50px|&#8221; background_image=&#8221;http:\/\/culturdes.umh.es\/files\/2018\/04\/Playa_Manantial-2.jpg&#8221;][et_pb_row admin_label=&#8221;Fila&#8221;][et_pb_column type=&#8221;4_4&#8243;][et_pb_text admin_label=&#8221;Texto&#8221; background_layout=&#8221;dark&#8221; text_orientation=&#8221;center&#8221; use_border_color=&#8221;off&#8221; border_color=&#8221;#ffffff&#8221; border_style=&#8221;solid&#8221; custom_margin=&#8221;||0px|&#8221; custom_padding=&#8221;||5px|&#8221;] Publicaciones [\/et_pb_text][\/et_pb_column][\/et_pb_row][\/et_pb_section][et_pb_section admin_label=&#8221;Secci\u00f3n&#8221; fullwidth=&#8221;on&#8221; specialty=&#8221;off&#8221;][et_pb_fullwidth_menu admin_label=&#8221;Men\u00fa de anchura completa&#8221; menu_id=&#8221;11&#8243; background_color=&#8221;#ededed&#8221; background_layout=&#8221;light&#8221; text_orientation=&#8221;center&#8221; submenu_direction=&#8221;downwards&#8221; fullwidth_menu=&#8221;off&#8221; dropdown_menu_animation=&#8221;fade&#8221; menu_text_color=&#8221;#000000&#8243; menu_font=&#8221;|on|||&#8221;] \u00a0 [\/et_pb_fullwidth_menu][\/et_pb_section][et_pb_section admin_label=&#8221;section&#8221;][et_pb_row admin_label=&#8221;Fila&#8221;][et_pb_column type=&#8221;4_4&#8243;][et_pb_text admin_label=&#8221;Texto&#8221; background_layout=&#8221;light&#8221; text_orientation=&#8221;left&#8221; use_border_color=&#8221;off&#8221; border_color=&#8221;#ffffff&#8221; [&hellip;]<\/p>\n","protected":false},"author":6277,"featured_media":0,"parent":0,"menu_order":0,"comment_status":"closed","ping_status":"closed","template":"","meta":{"_links_to":"","_links_to_target":""},"_links":{"self":[{"href":"https:\/\/culturdes.umh.es\/en\/wp-json\/wp\/v2\/pages\/68"}],"collection":[{"href":"https:\/\/culturdes.umh.es\/en\/wp-json\/wp\/v2\/pages"}],"about":[{"href":"https:\/\/culturdes.umh.es\/en\/wp-json\/wp\/v2\/types\/page"}],"author":[{"embeddable":true,"href":"https:\/\/culturdes.umh.es\/en\/wp-json\/wp\/v2\/users\/6277"}],"replies":[{"embeddable":true,"href":"https:\/\/culturdes.umh.es\/en\/wp-json\/wp\/v2\/comments?post=68"}],"version-history":[{"count":0,"href":"https:\/\/culturdes.umh.es\/en\/wp-json\/wp\/v2\/pages\/68\/revisions"}],"wp:attachment":[{"href":"https:\/\/culturdes.umh.es\/en\/wp-json\/wp\/v2\/media?parent=68"}],"curies":[{"name":"wp","href":"https:\/\/api.w.org\/{rel}","templated":true}]}}