{"id":70,"date":"2018-04-12T11:46:22","date_gmt":"2018-04-12T11:46:22","guid":{"rendered":"http:\/\/grupoinvestigacion.edu-desarrollo.umh.es\/?page_id=70"},"modified":"2020-09-05T17:40:37","modified_gmt":"2020-09-05T17:40:37","slug":"tesis-doctorales","status":"publish","type":"page","link":"https:\/\/culturdes.umh.es\/en\/tesis-doctorales\/","title":{"rendered":"Tesis doctorales"},"content":{"rendered":"<p>[et_pb_section admin_label=&#8221;Secci\u00f3n&#8221; fullwidth=&#8221;off&#8221; specialty=&#8221;off&#8221; transparent_background=&#8221;off&#8221; allow_player_pause=&#8221;off&#8221; inner_shadow=&#8221;off&#8221; parallax=&#8221;off&#8221; parallax_method=&#8221;off&#8221; padding_mobile=&#8221;off&#8221; make_fullwidth=&#8221;off&#8221; use_custom_width=&#8221;off&#8221; width_unit=&#8221;on&#8221; make_equal=&#8221;off&#8221; use_custom_gutter=&#8221;off&#8221; custom_padding=&#8221;50px||50px|&#8221; background_image=&#8221;http:\/\/culturdes.umh.es\/files\/2018\/04\/Playa_Manantial-2.jpg&#8221;][et_pb_row admin_label=&#8221;Fila&#8221;][et_pb_column type=&#8221;4_4&#8243;][et_pb_text admin_label=&#8221;Texto&#8221; background_layout=&#8221;dark&#8221; text_orientation=&#8221;center&#8221; use_border_color=&#8221;off&#8221; border_color=&#8221;#ffffff&#8221; border_style=&#8221;solid&#8221; custom_margin=&#8221;||0px|&#8221; custom_padding=&#8221;||5px|&#8221;]<\/p>\n<h2>Tesis doctorales<\/h2>\n<p>[\/et_pb_text][\/et_pb_column][\/et_pb_row][\/et_pb_section][et_pb_section admin_label=&#8221;Secci\u00f3n&#8221; fullwidth=&#8221;on&#8221; specialty=&#8221;off&#8221;][et_pb_fullwidth_menu admin_label=&#8221;Men\u00fa de anchura completa&#8221; menu_id=&#8221;11&#8243; background_color=&#8221;#ededed&#8221; background_layout=&#8221;light&#8221; text_orientation=&#8221;center&#8221; submenu_direction=&#8221;downwards&#8221; fullwidth_menu=&#8221;off&#8221; dropdown_menu_animation=&#8221;fade&#8221; menu_text_color=&#8221;#000000&#8243; menu_font=&#8221;|on|||&#8221;]<\/p>\n<p>\u00a0<\/p>\n<p>[\/et_pb_fullwidth_menu][\/et_pb_section][et_pb_section admin_label=&#8221;section&#8221;][et_pb_row admin_label=&#8221;Fila&#8221;][et_pb_column type=&#8221;2_3&#8243;][et_pb_text admin_label=&#8221;Texto&#8221; background_layout=&#8221;light&#8221; text_orientation=&#8221;left&#8221; use_border_color=&#8221;off&#8221; border_color=&#8221;#ffffff&#8221; border_style=&#8221;solid&#8221;]<\/p>\n<p style=\"text-align: justify;\">Culturdes es un grupo de investigaci\u00f3n en el que tambi\u00e9n realizan estancias aquellos investigadores que quieren realizar una investigaci\u00f3n de calidad que le conduzca a la obtenci\u00f3n del grado de doctor. Todas las tesis doctorales que se escriben y adscriben de distintas formas a Culturdes, abordan tem\u00e1ticas en las que nos hemos especializado: turismo, paisaje, patrimonio y (cooperaci\u00f3n al) desarrollo. Asimismo, conscientes de que el conocimiento cient\u00edfico ni puede ni debe entender de provincianismos disciplinarios ni territoriales, en Culturdes han realizado sus tesis licenciados en antropolog\u00eda social, en periodismo, en sociolog\u00eda, en bellas artes, en historia, ingenieros superiores y arquitectos. De igual forma, aunque la mayor\u00eda de las tesis han sido defendidas en la UMH, algunos doctores han defendido sus tesis en las universidades de Murcia, M\u00e1laga o Barcelona y, esperamos que a lo largo del pr\u00f3ximo a\u00f1o, tambi\u00e9n se defiendan en las universidades de Alicante y Pablo de Olavide de Sevilla.<\/p>\n<p>[\/et_pb_text][\/et_pb_column][et_pb_column type=&#8221;1_3&#8243;][et_pb_image admin_label=&#8221;Imagen&#8221; src=&#8221;http:\/\/culturdes.umh.es\/files\/2018\/04\/Gainsville-1-043-800&#215;600-300&#215;225.jpg&#8221; show_in_lightbox=&#8221;off&#8221; url_new_window=&#8221;on&#8221; use_overlay=&#8221;off&#8221; animation=&#8221;off&#8221; sticky=&#8221;off&#8221; align=&#8221;left&#8221; force_fullwidth=&#8221;off&#8221; always_center_on_mobile=&#8221;on&#8221; use_border_color=&#8221;off&#8221; border_color=&#8221;#ffffff&#8221; border_style=&#8221;solid&#8221;]<\/p>\n<p>\u00a0<\/p>\n<p>[\/et_pb_image][\/et_pb_column][\/et_pb_row][et_pb_row admin_label=&#8221;Fila&#8221;][et_pb_column type=&#8221;4_4&#8243;][et_pb_divider admin_label=&#8221;Separador&#8221; color=&#8221;#a5a5a5&#8243; show_divider=&#8221;on&#8221; height=&#8221;2&#8243; divider_style=&#8221;solid&#8221; divider_position=&#8221;top&#8221; hide_on_mobile=&#8221;on&#8221;]<\/p>\n<p>\u00a0<\/p>\n<p>[\/et_pb_divider][et_pb_text admin_label=&#8221;Texto&#8221; background_layout=&#8221;light&#8221; text_orientation=&#8221;left&#8221; use_border_color=&#8221;off&#8221; border_color=&#8221;#ffffff&#8221; border_style=&#8221;solid&#8221;]<\/p>\n<p>1.\u00a0<strong><a href=\"http:\/\/culturdes.umh.es\/daniel-carmona-zubiri\/\" target=\"_blank\">Dr. Daniel Carmona Zubiri<\/a><\/strong>\u00a0[Fecha: 22\/06\/2004]<\/p>\n<p><a href=\"https:\/\/www.educacion.gob.es\/teseo\/mostrarRef.do?ref=321231\" target=\"_blank\">\u00abLa minas de Hell\u00edn\u00bb<\/a>.<br \/>\nCalificaci\u00f3n:\u00a0<em>Sobresaliente cum laude<\/em>\u00a0(<a href=\"http:\/\/hdl.handle.net\/11000\/1519\" target=\"_blank\">Descargar PDF<\/a>)<br \/>\nDepartamento de Psicolog\u00eda de la Salud \u2013 Universitas Miguel Hern\u00e1ndez<\/p>\n<hr \/>\n<p>2.\u00a0<strong>Dr. Jos\u00e9 Miguel Garc\u00eda Le\u00f3n<\/strong>\u00a0[Fecha: 15\/12\/2008]<\/p>\n<p><a href=\"https:\/\/www.educacion.gob.es\/teseo\/mostrarRef.do?ref=724566\" target=\"_blank\">\u00abEl concepto de itinerario aplicado a la interpretaci\u00f3n escenogr\u00e1fica del paisaje cultural entre el J\u00facar y el Vinalop\u00f3\u00bb<\/a>.<br \/>\nCalificaci\u00f3n:\u00a0<em>Sobresaliente cum laude<\/em>\u00a0(<a href=\"http:\/\/hdl.handle.net\/10201\/4078\" target=\"_blank\">Descargar PDF<\/a>)<br \/>\nDepartamento de Arte \u2013 Universidad de Murcia<\/p>\n<hr \/>\n<p>3.\u00a0<strong>Dra. Ana Esther Maqueda Cuenca<\/strong>\u00a0[Fecha: 23\/05\/2014]<\/p>\n<p><a href=\"https:\/\/www.educacion.gob.es\/teseo\/mostrarRef.do?ref=1095207\" target=\"_blank\">\u00abNaturaleza y paisaje en las artes pl\u00e1sticas del siglo XX. Estudio de la obra \u2018La biblioteca del bosque\u2019 de Miguel \u00c1ngel Blanco\u00bb<\/a>.<br \/>\nCalificaci\u00f3n:\u00a0<em>Sobresaliente cum laude<\/em>\u00a0(<a href=\"http:\/\/hdl.handle.net\/11000\/1615\" target=\"_blank\">Descargar PDF<\/a>)<br \/>\nDepartamento de Ciencias Sociales y Humanas \u2013 Universitas Miguel Hern\u00e1ndez<\/p>\n<hr \/>\n<p>4.\u00a0<strong><a href=\"http:\/\/culturdes.umh.es\/raul-trave-molero\/\" target=\"_blank\">Dr. Ra\u00fal Trav\u00e9 Molero<\/a><\/strong>\u00a0[Fecha: 24\/04\/2015]<\/p>\n<p><a href=\"https:\/\/www.educacion.gob.es\/teseo\/mostrarRef.do?ref=1145622\" target=\"_blank\">\u00abComunicaci\u00f3n y mediaciones culturales en la producci\u00f3n de hegemon\u00eda en contextos tur\u00edsticos. Discursos y pr\u00e1cticas sobre el desarrollo tur\u00edstico de Portm\u00e1n (Murcia)\u00bb<\/a>.<br \/>\nCalificaci\u00f3n:\u00a0<em>Sobresaliente cum laude<\/em>\u00a0(<a href=\"http:\/\/hdl.handle.net\/11000\/1807\" target=\"_blank\">Descargar PDF<\/a>)<br \/>\nDepartamento de Ciencias Sociales y Humanas \u2013 Universitas Miguel Hern\u00e1ndez<\/p>\n<hr \/>\n<p>5.\u00a0<strong>Dra. M\u00aa Jes\u00fas Poveda Rodr\u00edguez<\/strong>\u00a0[Fecha: 24\/11\/2015]<\/p>\n<p><a href=\"https:\/\/www.educacion.gob.es\/teseo\/mostrarRef.do?ref=1189185\" target=\"_blank\">\u00abOrihuela, patrimonio de la humanidad. Un enfoque de gobernanza\u00bb<\/a>.<br \/>\nCalificaci\u00f3n:\u00a0<em>Sobresaliente cum laude<\/em>\u00a0(<a href=\"http:\/\/hdl.handle.net\/11000\/2343\" target=\"_blank\">Descargar PDF<\/a>)<br \/>\nDepartamento de Ciencias Sociales y Humanas \u2013 Universitas Miguel Hern\u00e1ndez<\/p>\n<hr \/>\n<p>6.\u00a0<strong>Dr. Sergi Yanes Torrado<\/strong>\u00a0[Fecha: 15\/01\/2016]<\/p>\n<p>\u00abAbierto por vacaciones. Una etnograf\u00eda de la apropiaci\u00f3n tur\u00edstica de Lloret de Mar\u00bb.<br \/>\nCalificaci\u00f3n:\u00a0<em>Sobresaliente cum laude<\/em><br \/>\nDepartament d\u2019Antropologia Cultural i d\u2019Hist\u00f2ria d\u2019Am\u00e8rica i \u00c0frica \u2013 Universitat de Barcelona<\/p>\n<hr \/>\n<p>7.\u00a0<strong>Dra. Arq. Marta Lomas Casanova<\/strong>\u00a0[Fecha: 22\/01\/2016]<\/p>\n<p><a href=\"https:\/\/www.educacion.gob.es\/teseo\/mostrarRef.do?ref=1208817\" target=\"_blank\">\u00abNaturaleza urbana y procesos de an\u00e1lisis en un entorno tur\u00edstico. Una propuesta de infraestructura verde para la ciudad de M\u00e1laga\u00bb<\/a>.<br \/>\nCalificaci\u00f3n:\u00a0<em>Sobresaliente cum laude<\/em><br \/>\nDepartamento de Arte y Arquitectura \u2013 Universidad de M\u00e1laga<\/p>\n<hr \/>\n<p>8.\u00a0<strong><a href=\"http:\/\/culturdes.umh.es\/carmen-gomez-sanchez\/\" target=\"_blank\" rel=\"noopener\">Dra. Carmen G\u00f3mez S\u00e1nchez<\/a><\/strong>\u00a0[Fecha: 24\/06\/2016]<\/p>\n<p><a href=\"https:\/\/www.educacion.gob.es\/teseo\/mostrarRef.do?ref=1275996\" target=\"_blank\">\u00abCalidad y eficacia en la gesti\u00f3n de la Ayuda Oficial al Desarrollo en la Cooperaci\u00f3n Descentralizada. El caso del Ayuntamiento de Elche (Alicante) 2004-2015\u00bb<\/a>.<br \/>\nCalificaci\u00f3n:\u00a0<em>Sobresaliente por unanimidad<\/em>\u00a0(<a href=\"http:\/\/hdl.handle.net\/11000\/2733\" target=\"_blank\">Descargar PDF<\/a>)<br \/>\nDepartamento de Ciencias Sociales y Humanas \u2013 Universitas Miguel Hern\u00e1ndez<\/p>\n<hr \/>\n<p>9.\u00a0<strong>Dr. Rafael Cruces Portales<\/strong>\u00a0[Fecha: 31\/10\/2016]<\/p>\n<p><a href=\"https:\/\/www.educacion.gob.es\/teseo\/mostrarRef.do?ref=1311645\" target=\"_blank\">\u00abCr\u00edtica del turismo accesible. Desvelando la configuraci\u00f3n discursiva y factual de los procesos de interacci\u00f3n entre turismo y discapacidad\u00bb<\/a>.<br \/>\nCalificaci\u00f3n:\u00a0<em>Sobresaliente cum laude<\/em>\u00a0(<a href=\"http:\/\/hdl.handle.net\/11000\/3140\" target=\"_blank\">Descargar PDF<\/a>)<br \/>\nDepartamento de Ciencias Sociales y Humanas \u2013 Universitas Miguel Hern\u00e1ndez<\/p>\n<hr \/>\n<p>10.\u00a0<strong><a href=\"http:\/\/culturdes.umh.es\/cristina-soler-garcia\/\" target=\"_blank\">Dra. Cristina Soler Garc\u00eda<\/a><\/strong>\u00a0[Fecha: 15\/09\/2017]<\/p>\n<p>\u00abEl uso de la cultura como recurso para el desarrollo: una mirada etnogr\u00e1fica al arte ind\u00edgena de Tigua en Ecuador\u00bb.<br \/>\nCalificaci\u00f3n:\u00a0<em>Sobresaliente con menci\u00f3n europea<\/em><br \/>\nDepartamento de Ciencias Sociales y Humanas \u2013 Universitas Miguel Hern\u00e1ndez<\/p>\n<hr \/>\n<p>11.\u00a0<strong>Dra. Leticia Rodr\u00edguez Oca\u00f1a<\/strong>\u00a0[Fecha: 20\/09\/2017]<\/p>\n<p>\u00abTurismo, desarrollo local y servicios ambientales culturales en Tacotalpa, Tabasco\u00bb.<br \/>\nCalificaci\u00f3n:\u00a0<em>Sobresaliente por unanimidad<\/em><br \/>\nDepartamento de Ciencias Sociales y Humanas \u2013 Universitas Miguel Hern\u00e1ndez<\/p>\n<hr \/>\n<p>12.\u00a0<strong>Dr. Juan Francisco P\u00e9rez Montesinos<\/strong>\u00a0[Fecha: 22\/09\/2017]<\/p>\n<p>\u00abPaisaje en un entorno tur\u00edstico. Torrevieja 1978-2010\u00bb.<br \/>\nCalificaci\u00f3n:\u00a0<em>Sobresaliente cum laude<\/em><br \/>\nDepartamento de Ciencias Sociales y Humanas \u2013 Universitas Miguel Hern\u00e1ndez<\/p>\n<p>[\/et_pb_text][\/et_pb_column][\/et_pb_row][\/et_pb_section]<\/p>","protected":false},"excerpt":{"rendered":"<p>[et_pb_section admin_label=&#8221;Secci\u00f3n&#8221; fullwidth=&#8221;off&#8221; specialty=&#8221;off&#8221; transparent_background=&#8221;off&#8221; allow_player_pause=&#8221;off&#8221; inner_shadow=&#8221;off&#8221; parallax=&#8221;off&#8221; parallax_method=&#8221;off&#8221; padding_mobile=&#8221;off&#8221; make_fullwidth=&#8221;off&#8221; use_custom_width=&#8221;off&#8221; width_unit=&#8221;on&#8221; make_equal=&#8221;off&#8221; use_custom_gutter=&#8221;off&#8221; custom_padding=&#8221;50px||50px|&#8221; background_image=&#8221;http:\/\/culturdes.umh.es\/files\/2018\/04\/Playa_Manantial-2.jpg&#8221;][et_pb_row admin_label=&#8221;Fila&#8221;][et_pb_column type=&#8221;4_4&#8243;][et_pb_text admin_label=&#8221;Texto&#8221; background_layout=&#8221;dark&#8221; text_orientation=&#8221;center&#8221; use_border_color=&#8221;off&#8221; border_color=&#8221;#ffffff&#8221; border_style=&#8221;solid&#8221; custom_margin=&#8221;||0px|&#8221; custom_padding=&#8221;||5px|&#8221;] Tesis doctorales [\/et_pb_text][\/et_pb_column][\/et_pb_row][\/et_pb_section][et_pb_section admin_label=&#8221;Secci\u00f3n&#8221; fullwidth=&#8221;on&#8221; specialty=&#8221;off&#8221;][et_pb_fullwidth_menu admin_label=&#8221;Men\u00fa de anchura completa&#8221; menu_id=&#8221;11&#8243; background_color=&#8221;#ededed&#8221; background_layout=&#8221;light&#8221; text_orientation=&#8221;center&#8221; submenu_direction=&#8221;downwards&#8221; fullwidth_menu=&#8221;off&#8221; dropdown_menu_animation=&#8221;fade&#8221; menu_text_color=&#8221;#000000&#8243; menu_font=&#8221;|on|||&#8221;] \u00a0 [\/et_pb_fullwidth_menu][\/et_pb_section][et_pb_section admin_label=&#8221;section&#8221;][et_pb_row admin_label=&#8221;Fila&#8221;][et_pb_column type=&#8221;2_3&#8243;][et_pb_text admin_label=&#8221;Texto&#8221; background_layout=&#8221;light&#8221; text_orientation=&#8221;left&#8221; use_border_color=&#8221;off&#8221; [&hellip;]<\/p>\n","protected":false},"author":6277,"featured_media":0,"parent":0,"menu_order":0,"comment_status":"closed","ping_status":"closed","template":"","meta":{"_links_to":"","_links_to_target":""},"_links":{"self":[{"href":"https:\/\/culturdes.umh.es\/en\/wp-json\/wp\/v2\/pages\/70"}],"collection":[{"href":"https:\/\/culturdes.umh.es\/en\/wp-json\/wp\/v2\/pages"}],"about":[{"href":"https:\/\/culturdes.umh.es\/en\/wp-json\/wp\/v2\/types\/page"}],"author":[{"embeddable":true,"href":"https:\/\/culturdes.umh.es\/en\/wp-json\/wp\/v2\/users\/6277"}],"replies":[{"embeddable":true,"href":"https:\/\/culturdes.umh.es\/en\/wp-json\/wp\/v2\/comments?post=70"}],"version-history":[{"count":0,"href":"https:\/\/culturdes.umh.es\/en\/wp-json\/wp\/v2\/pages\/70\/revisions"}],"wp:attachment":[{"href":"https:\/\/culturdes.umh.es\/en\/wp-json\/wp\/v2\/media?parent=70"}],"curies":[{"name":"wp","href":"https:\/\/api.w.org\/{rel}","templated":true}]}}